{"id":10,"date":"2026-04-17T16:10:17","date_gmt":"2026-04-17T16:10:17","guid":{"rendered":"http:\/\/sincere-olive-hawk.46-29-139-185.cpanel.site\/?page_id=10"},"modified":"2026-04-28T10:11:03","modified_gmt":"2026-04-28T10:11:03","slug":"adatkezelesi-tajekoztato","status":"publish","type":"page","link":"https:\/\/niin.hu\/en\/adatkezelesi-tajekoztato\/","title":{"rendered":"Privacy Notice"},"content":{"rendered":"<style>.kb-row-layout-id10_bc898c-73 > .kt-row-column-wrap{align-content:start;}:where(.kb-row-layout-id10_bc898c-73 > .kt-row-column-wrap) > .wp-block-kadence-column{justify-content:start;}.kb-row-layout-id10_bc898c-73 > .kt-row-column-wrap{column-gap:var(--global-kb-gap-md, 2rem);row-gap:var(--global-kb-gap-md, 2rem);max-width:720px;margin-left:auto;margin-right:auto;padding-top:120px;padding-right:30px;padding-bottom:80px;padding-left:30px;grid-template-columns:minmax(0, 1fr);}.kb-row-layout-id10_bc898c-73 > .kt-row-layout-overlay{opacity:0.30;}@media all and (max-width: 1024px){.kb-row-layout-id10_bc898c-73 > .kt-row-column-wrap{grid-template-columns:minmax(0, 1fr);}}@media all and (max-width: 767px){.kb-row-layout-id10_bc898c-73 > .kt-row-column-wrap{grid-template-columns:minmax(0, 1fr);}}<\/style><div class=\"kb-row-layout-wrap kb-row-layout-id10_bc898c-73 alignnone wp-block-kadence-rowlayout\"><div class=\"kt-row-column-wrap kt-has-1-columns kt-row-layout-equal kt-tab-layout-inherit kt-mobile-layout-row kt-row-valign-top\">\n<style>.kadence-column10_e61690-1e > .kt-inside-inner-col,.kadence-column10_e61690-1e > .kt-inside-inner-col:before{border-top-left-radius:0px;border-top-right-radius:0px;border-bottom-right-radius:0px;border-bottom-left-radius:0px;}.kadence-column10_e61690-1e > .kt-inside-inner-col{column-gap:var(--global-kb-gap-sm, 1rem);}.kadence-column10_e61690-1e > .kt-inside-inner-col{flex-direction:column;}.kadence-column10_e61690-1e > .kt-inside-inner-col > .aligncenter{width:100%;}.kadence-column10_e61690-1e > .kt-inside-inner-col:before{opacity:0.3;}.kadence-column10_e61690-1e{position:relative;}@media all and (max-width: 1024px){.kadence-column10_e61690-1e > .kt-inside-inner-col{flex-direction:column;justify-content:center;}}@media all and (max-width: 767px){.kadence-column10_e61690-1e > .kt-inside-inner-col{flex-direction:column;justify-content:center;}}<\/style>\n<div class=\"wp-block-kadence-column kadence-column10_e61690-1e\"><div class=\"kt-inside-inner-col\"><style>.wp-block-kadence-advancedheading.kt-adv-heading10_4ed88e-46, .wp-block-kadence-advancedheading.kt-adv-heading10_4ed88e-46[data-kb-block=\"kb-adv-heading10_4ed88e-46\"]{margin-top:0px;margin-bottom:30px;font-style:normal;}.wp-block-kadence-advancedheading.kt-adv-heading10_4ed88e-46 mark.kt-highlight, .wp-block-kadence-advancedheading.kt-adv-heading10_4ed88e-46[data-kb-block=\"kb-adv-heading10_4ed88e-46\"] mark.kt-highlight{font-style:normal;color:#f76a0c;-webkit-box-decoration-break:clone;box-decoration-break:clone;padding-top:0px;padding-right:0px;padding-bottom:0px;padding-left:0px;}.wp-block-kadence-advancedheading.kt-adv-heading10_4ed88e-46 img.kb-inline-image, .wp-block-kadence-advancedheading.kt-adv-heading10_4ed88e-46[data-kb-block=\"kb-adv-heading10_4ed88e-46\"] img.kb-inline-image{width:150px;vertical-align:baseline;}<\/style>\n<h2 class=\"kt-adv-heading10_4ed88e-46 wp-block-kadence-advancedheading\" data-kb-block=\"kb-adv-heading10_4ed88e-46\">Adatkezel\u00e9si t\u00e1j\u00e9koztat\u00f3<\/h2>\n\n\n<style>.wp-block-kadence-advancedheading.kt-adv-heading10_c0f7a0-13, .wp-block-kadence-advancedheading.kt-adv-heading10_c0f7a0-13[data-kb-block=\"kb-adv-heading10_c0f7a0-13\"]{margin-top:0px;margin-bottom:0px;font-style:normal;}.wp-block-kadence-advancedheading.kt-adv-heading10_c0f7a0-13 mark.kt-highlight, .wp-block-kadence-advancedheading.kt-adv-heading10_c0f7a0-13[data-kb-block=\"kb-adv-heading10_c0f7a0-13\"] mark.kt-highlight{font-style:normal;color:#f76a0c;-webkit-box-decoration-break:clone;box-decoration-break:clone;padding-top:0px;padding-right:0px;padding-bottom:0px;padding-left:0px;}.wp-block-kadence-advancedheading.kt-adv-heading10_c0f7a0-13 img.kb-inline-image, .wp-block-kadence-advancedheading.kt-adv-heading10_c0f7a0-13[data-kb-block=\"kb-adv-heading10_c0f7a0-13\"] img.kb-inline-image{width:150px;vertical-align:baseline;}<\/style>\n<p class=\"kt-adv-heading10_c0f7a0-13 wp-block-kadence-advancedheading\" data-kb-block=\"kb-adv-heading10_c0f7a0-13\">www.niin.hu<br>Hat\u00e1lyos: 2021. 01. 25. napj\u00e1t\u00f3l visszavon\u00e1sig.<br><\/p>\n\n\n<style>.wp-block-kadence-advancedheading.kt-adv-heading10_1919c2-d7, .wp-block-kadence-advancedheading.kt-adv-heading10_1919c2-d7[data-kb-block=\"kb-adv-heading10_1919c2-d7\"]{margin-top:0px;margin-bottom:0px;font-style:normal;}.wp-block-kadence-advancedheading.kt-adv-heading10_1919c2-d7 mark.kt-highlight, .wp-block-kadence-advancedheading.kt-adv-heading10_1919c2-d7[data-kb-block=\"kb-adv-heading10_1919c2-d7\"] mark.kt-highlight{font-style:normal;color:#f76a0c;-webkit-box-decoration-break:clone;box-decoration-break:clone;padding-top:0px;padding-right:0px;padding-bottom:0px;padding-left:0px;}.wp-block-kadence-advancedheading.kt-adv-heading10_1919c2-d7 img.kb-inline-image, .wp-block-kadence-advancedheading.kt-adv-heading10_1919c2-d7[data-kb-block=\"kb-adv-heading10_1919c2-d7\"] img.kb-inline-image{width:150px;vertical-align:baseline;}<\/style>\n<p class=\"kt-adv-heading10_1919c2-d7 wp-block-kadence-advancedheading\" data-kb-block=\"kb-adv-heading10_1919c2-d7\">A Niin Design (sz\u00e9khely: 2040 Buda\u00f6rs, Szabads\u00e1g \u00fat 137. ad\u00f3sz\u00e1m: 59717083-1-33) a jelen adatkezel\u00e9si t\u00e1j\u00e9koztat\u00f3 keretei k\u00f6zt tesz eleget az adatkezel\u00e9ssel kapcsolatos k\u00f6telezetts\u00e9g\u00e9nek.<\/p>\n\n\n<style>.wp-block-kadence-advancedheading.kt-adv-heading10_bc9c49-db, .wp-block-kadence-advancedheading.kt-adv-heading10_bc9c49-db[data-kb-block=\"kb-adv-heading10_bc9c49-db\"]{margin-top:60px;margin-bottom:10px;font-style:normal;}.wp-block-kadence-advancedheading.kt-adv-heading10_bc9c49-db mark.kt-highlight, .wp-block-kadence-advancedheading.kt-adv-heading10_bc9c49-db[data-kb-block=\"kb-adv-heading10_bc9c49-db\"] mark.kt-highlight{font-style:normal;color:#f76a0c;-webkit-box-decoration-break:clone;box-decoration-break:clone;padding-top:0px;padding-right:0px;padding-bottom:0px;padding-left:0px;}.wp-block-kadence-advancedheading.kt-adv-heading10_bc9c49-db img.kb-inline-image, .wp-block-kadence-advancedheading.kt-adv-heading10_bc9c49-db[data-kb-block=\"kb-adv-heading10_bc9c49-db\"] img.kb-inline-image{width:150px;vertical-align:baseline;}<\/style>\n<h3 class=\"kt-adv-heading10_bc9c49-db wp-block-kadence-advancedheading\" data-kb-block=\"kb-adv-heading10_bc9c49-db\">Bevezet\u0151 rendelkez\u00e9sek, a t\u00e1j\u00e9koztat\u00f3 c\u00e9lja<\/h3>\n\n\n<style>.wp-block-kadence-advancedheading.kt-adv-heading10_8dadf3-de, .wp-block-kadence-advancedheading.kt-adv-heading10_8dadf3-de[data-kb-block=\"kb-adv-heading10_8dadf3-de\"]{margin-top:0px;margin-bottom:0px;font-style:normal;}.wp-block-kadence-advancedheading.kt-adv-heading10_8dadf3-de mark.kt-highlight, .wp-block-kadence-advancedheading.kt-adv-heading10_8dadf3-de[data-kb-block=\"kb-adv-heading10_8dadf3-de\"] mark.kt-highlight{font-style:normal;color:#f76a0c;-webkit-box-decoration-break:clone;box-decoration-break:clone;padding-top:0px;padding-right:0px;padding-bottom:0px;padding-left:0px;}.wp-block-kadence-advancedheading.kt-adv-heading10_8dadf3-de img.kb-inline-image, .wp-block-kadence-advancedheading.kt-adv-heading10_8dadf3-de[data-kb-block=\"kb-adv-heading10_8dadf3-de\"] img.kb-inline-image{width:150px;vertical-align:baseline;}<\/style>\n<p class=\"kt-adv-heading10_8dadf3-de wp-block-kadence-advancedheading\" data-kb-block=\"kb-adv-heading10_8dadf3-de\">Az Adatkezel\u0151 a jelen Adatkezel\u00e9si T\u00e1j\u00e9koztat\u00f3ban r\u00f6gz\u00edti az Eur\u00f3pai Parlament \u00e9s a Tan\u00e1cs (EU) 2016\/679 rendelete (2016. \u00e1prilis 27.) a term\u00e9szetes szem\u00e9lyeknek a szem\u00e9lyes adatok kezel\u00e9se tekintet\u00e9ben t\u00f6rt\u00e9n\u0151 v\u00e9delm\u00e9r\u0151l \u00e9s az ilyen adatok szabad \u00e1raml\u00e1s\u00e1r\u00f3l, valamint a 95\/46\/EK rendelet hat\u00e1lyon k\u00edv\u00fcl helyez\u00e9s\u00e9r\u0151l (a tov\u00e1bbiakban: GDPR) \u00e9s az inform\u00e1ci\u00f3s \u00f6nrendelkez\u00e9si jogr\u00f3l \u00e9s az inform\u00e1ci\u00f3szabads\u00e1gr\u00f3l sz\u00f3l\u00f3 2011. \u00e9vi CXII. t\u00f6rv\u00e9ny (a tov\u00e1bbiakban: Infotv.) rendelkez\u00e9seinek v\u00e9grehajt\u00e1sa \u00e9rdek\u00e9ben az adatv\u00e9delemmel kapcsolatos ir\u00e1nyad\u00f3 szab\u00e1lyokat, az ezzel kapcsolatos elj\u00e1r\u00e1si rendet, kifejez\u00e9sre juttatva a rendeletben meghat\u00e1rozott alapelvek tisztelet\u00e9t \u00e9s v\u00e9delm\u00e9t.<br><br>Az adatkezel\u0151 mag\u00e1ra n\u00e9zve k\u00f6telez\u0151nek ismeri el jelen t\u00e1j\u00e9koztat\u00f3 tartalm\u00e1t. Az Adatkezel\u00e9si T\u00e1j\u00e9koztat\u00f3 c\u00e9lja az Adatkezel\u0151 \u00fcgyfelei, partnerei, megb\u00edz\u00f3i t\u00e1j\u00e9koztat\u00e1sa szem\u00e9lyes adataik kezel\u00e9s\u00e9t illet\u0151en. Az adatkezel\u0151 csak a mindenkor hat\u00e1lyos jogszab\u00e1lyi rendelkez\u00e9sekkel \u00f6sszhangban, azok el\u0151\u00edr\u00e1sait szigor\u00faan betartva v\u00e9gzi a szem\u00e9lyes adatok kezel\u00e9s\u00e9t, figyelembe v\u00e9ve a GDPR 5. cikk\u00e9ben foglalt alapelveket is:<br>\u2022 jogszer\u0171s\u00e9g, tisztess\u00e9ges elj\u00e1r\u00e1s \u00e9s \u00e1tl\u00e1that\u00f3s\u00e1g elve,<br>\u2022 a c\u00e9lhoz k\u00f6t\u00f6tts\u00e9g elve,<br>\u2022 az adattakar\u00e9koss\u00e1g elve,<br>\u2022 a pontoss\u00e1g elve,<br>\u2022 a korl\u00e1tozott t\u00e1rolhat\u00f3s\u00e1g elve.<br><br>Az Adakezel\u0151 elk\u00f6telezett az \u00e9rintettek szem\u00e9lyes adatainak v\u00e9delm\u00e9ben, kiemelten fontosnak tartja az \u00e9rintettek \u00f6nrendelkez\u00e9si jog\u00e1nak tiszteletben tart\u00e1s\u00e1t. A r\u00f6gz\u00edtett szem\u00e9lyes adatokat bizalmasan, az adatv\u00e9delmi jogszab\u00e1lyokkal \u00f6sszhangban kezeli. Mindezeken t\u00fal megtesz minden olyan technikai \u00e9s szervez\u00e9si int\u00e9zked\u00e9st, amely az adatok biztons\u00e1gos meg\u0151rz\u00e9s\u00e9t garant\u00e1lja. Az adatokat megfelel\u0151 int\u00e9zked\u00e9sekkel v\u00e9di a jogosulatlan hozz\u00e1f\u00e9r\u00e9s, megv\u00e1ltoztat\u00e1s, tov\u00e1bb\u00edt\u00e1s, nyilv\u00e1noss\u00e1gra hozatal, t\u00f6rl\u00e9s vagy megsemmis\u00edt\u00e9s, valamint a v\u00e9letlen megsemmis\u00fcl\u00e9s \u00e9s s\u00e9r\u00fcl\u00e9s, tov\u00e1bb\u00e1 az alkalmazott technika megv\u00e1ltoz\u00e1s\u00e1b\u00f3l fakad\u00f3 hozz\u00e1f\u00e9rhetetlenn\u00e9 v\u00e1l\u00e1s ellen. Az Adatkezel\u00e9si T\u00e1j\u00e9koztat\u00f3 szem\u00e9lyi, t\u00e1rgyi \u00e9s id\u0151beli hat\u00e1lya: A jelen Adatkezel\u00e9si T\u00e1j\u00e9koztat\u00f3 szem\u00e9lyi hat\u00e1lya kiterjed az Adatkezel\u0151re, valamint azon term\u00e9szetes szem\u00e9lyekre, akik adatait a jelen T\u00e1j\u00e9koztat\u00f3 hat\u00e1lya al\u00e1 tartoz\u00f3 adatkezel\u00e9sek tartalmazz\u00e1k, tov\u00e1bb\u00e1 azon szem\u00e9lyekre, akik jogait vagy jogos \u00e9rdekeit az adatkezel\u00e9s \u00e9rinti.<br><\/p>\n\n\n<style>.wp-block-kadence-advancedheading.kt-adv-heading10_bb4917-c3, .wp-block-kadence-advancedheading.kt-adv-heading10_bb4917-c3[data-kb-block=\"kb-adv-heading10_bb4917-c3\"]{margin-top:60px;margin-bottom:10px;font-style:normal;}.wp-block-kadence-advancedheading.kt-adv-heading10_bb4917-c3 mark.kt-highlight, .wp-block-kadence-advancedheading.kt-adv-heading10_bb4917-c3[data-kb-block=\"kb-adv-heading10_bb4917-c3\"] mark.kt-highlight{font-style:normal;color:#f76a0c;-webkit-box-decoration-break:clone;box-decoration-break:clone;padding-top:0px;padding-right:0px;padding-bottom:0px;padding-left:0px;}.wp-block-kadence-advancedheading.kt-adv-heading10_bb4917-c3 img.kb-inline-image, .wp-block-kadence-advancedheading.kt-adv-heading10_bb4917-c3[data-kb-block=\"kb-adv-heading10_bb4917-c3\"] img.kb-inline-image{width:150px;vertical-align:baseline;}<\/style>\n<h3 class=\"kt-adv-heading10_bb4917-c3 wp-block-kadence-advancedheading\" data-kb-block=\"kb-adv-heading10_bb4917-c3\">Az Adatkezel\u00e9si T\u00e1j\u00e9koztat\u00f3 szem\u00e9lyi, t\u00e1rgyi \u00e9s id\u0151beli hat\u00e1lya<\/h3>\n\n\n<style>.wp-block-kadence-advancedheading.kt-adv-heading10_86227c-e0, .wp-block-kadence-advancedheading.kt-adv-heading10_86227c-e0[data-kb-block=\"kb-adv-heading10_86227c-e0\"]{margin-top:0px;margin-bottom:0px;font-style:normal;}.wp-block-kadence-advancedheading.kt-adv-heading10_86227c-e0 mark.kt-highlight, .wp-block-kadence-advancedheading.kt-adv-heading10_86227c-e0[data-kb-block=\"kb-adv-heading10_86227c-e0\"] mark.kt-highlight{font-style:normal;color:#f76a0c;-webkit-box-decoration-break:clone;box-decoration-break:clone;padding-top:0px;padding-right:0px;padding-bottom:0px;padding-left:0px;}.wp-block-kadence-advancedheading.kt-adv-heading10_86227c-e0 img.kb-inline-image, .wp-block-kadence-advancedheading.kt-adv-heading10_86227c-e0[data-kb-block=\"kb-adv-heading10_86227c-e0\"] img.kb-inline-image{width:150px;vertical-align:baseline;}<\/style>\n<p class=\"kt-adv-heading10_86227c-e0 wp-block-kadence-advancedheading\" data-kb-block=\"kb-adv-heading10_86227c-e0\">A jelen Adatkezel\u00e9si T\u00e1j\u00e9koztat\u00f3 szem\u00e9lyi hat\u00e1lya kiterjed az Adatkezel\u0151re, valamint azon term\u00e9szetes szem\u00e9lyekre, akik adatait a jelen T\u00e1j\u00e9koztat\u00f3 hat\u00e1lya al\u00e1 tartoz\u00f3 adatkezel\u00e9sek tartalmazz\u00e1k, tov\u00e1bb\u00e1 azon szem\u00e9lyekre, akik jogait vagy jogos \u00e9rdekeit az adatkezel\u00e9s \u00e9rinti.<br><\/p>\n\n\n<style>.wp-block-kadence-advancedheading.kt-adv-heading10_16d7c7-02, .wp-block-kadence-advancedheading.kt-adv-heading10_16d7c7-02[data-kb-block=\"kb-adv-heading10_16d7c7-02\"]{margin-top:60px;margin-bottom:10px;font-style:normal;}.wp-block-kadence-advancedheading.kt-adv-heading10_16d7c7-02 mark.kt-highlight, .wp-block-kadence-advancedheading.kt-adv-heading10_16d7c7-02[data-kb-block=\"kb-adv-heading10_16d7c7-02\"] mark.kt-highlight{font-style:normal;color:#f76a0c;-webkit-box-decoration-break:clone;box-decoration-break:clone;padding-top:0px;padding-right:0px;padding-bottom:0px;padding-left:0px;}.wp-block-kadence-advancedheading.kt-adv-heading10_16d7c7-02 img.kb-inline-image, .wp-block-kadence-advancedheading.kt-adv-heading10_16d7c7-02[data-kb-block=\"kb-adv-heading10_16d7c7-02\"] img.kb-inline-image{width:150px;vertical-align:baseline;}<\/style>\n<h3 class=\"kt-adv-heading10_16d7c7-02 wp-block-kadence-advancedheading\" data-kb-block=\"kb-adv-heading10_16d7c7-02\">Fogalom meghat\u00e1roz\u00e1sok<\/h3>\n\n\n<style>.wp-block-kadence-advancedheading.kt-adv-heading10_f2ef03-5e, .wp-block-kadence-advancedheading.kt-adv-heading10_f2ef03-5e[data-kb-block=\"kb-adv-heading10_f2ef03-5e\"]{margin-top:0px;margin-bottom:0px;font-style:normal;}.wp-block-kadence-advancedheading.kt-adv-heading10_f2ef03-5e mark.kt-highlight, .wp-block-kadence-advancedheading.kt-adv-heading10_f2ef03-5e[data-kb-block=\"kb-adv-heading10_f2ef03-5e\"] mark.kt-highlight{font-style:normal;color:#f76a0c;-webkit-box-decoration-break:clone;box-decoration-break:clone;padding-top:0px;padding-right:0px;padding-bottom:0px;padding-left:0px;}.wp-block-kadence-advancedheading.kt-adv-heading10_f2ef03-5e img.kb-inline-image, .wp-block-kadence-advancedheading.kt-adv-heading10_f2ef03-5e[data-kb-block=\"kb-adv-heading10_f2ef03-5e\"] img.kb-inline-image{width:150px;vertical-align:baseline;}<\/style>\n<p class=\"kt-adv-heading10_f2ef03-5e wp-block-kadence-advancedheading\" data-kb-block=\"kb-adv-heading10_f2ef03-5e\"><strong>Szem\u00e9lyes adat:<\/strong> azonos\u00edtott vagy azonos\u00edthat\u00f3 term\u00e9szetes szem\u00e9lyre (\u201e\u00e9rintett\u201d) vonatkoz\u00f3 b\u00e1rmely inform\u00e1ci\u00f3; azonos\u00edthat\u00f3 az a term\u00e9szetes szem\u00e9ly, aki k\u00f6zvetlen vagy k\u00f6zvetett m\u00f3don, k\u00fcl\u00f6n\u00f6sen valamely azonos\u00edt\u00f3, p\u00e9ld\u00e1ul n\u00e9v, sz\u00e1m, helymeghat\u00e1roz\u00f3 adat, online azonos\u00edt\u00f3 vagy a term\u00e9szetes szem\u00e9ly testi, fiziol\u00f3giai, genetikai, szellemi, gazdas\u00e1gi, kultur\u00e1lis vagy szoci\u00e1lis azonoss\u00e1g\u00e1ra vonatkoz\u00f3 egy vagy t\u00f6bb t\u00e9nyez\u0151 alapj\u00e1n azonos\u00edthat\u00f3.<br><br><strong>Szem\u00e9lyes adat k\u00fcl\u00f6nleges kateg\u00f3ri\u00e1i:<\/strong> a faji vagy etnikai sz\u00e1rmaz\u00e1sra, politikai v\u00e9lem\u00e9nyre, vall\u00e1si vagy vil\u00e1gn\u00e9zeti meggy\u0151z\u0151d\u00e9sre vagy szakszervezeti tags\u00e1gra utal\u00f3 szem\u00e9lyes adatok, valamint a term\u00e9szetes szem\u00e9lyek egyedi azonos\u00edt\u00e1s\u00e1t c\u00e9lz\u00f3 genetikai \u00e9s biometrikus adatok, az eg\u00e9szs\u00e9g\u00fcgyi adatok \u00e9s a term\u00e9szetes szem\u00e9lyek szexu\u00e1lis \u00e9let\u00e9re vagy szexu\u00e1lis ir\u00e1nyults\u00e1g\u00e1ra vonatkoz\u00f3 szem\u00e9lyes adatok.<br><br><strong>Adatkezel\u00e9s:<\/strong> az alkalmazott elj\u00e1r\u00e1st\u00f3l f\u00fcggetlen\u00fcl a szem\u00e9lyes adatokon vagy adat\u00e1llom\u00e1nyokon automatiz\u00e1lt vagy nem automatiz\u00e1lt m\u00f3don v\u00e9gzett b\u00e1rmely m\u0171velet vagy m\u0171veletek \u00f6sszess\u00e9ge, \u00edgy k\u00fcl\u00f6n\u00f6sen a szem\u00e9lyes adatok gy\u0171jt\u00e9se, r\u00f6gz\u00edt\u00e9se, rendszerez\u00e9se, tagol\u00e1sa, t\u00e1rol\u00e1sa, \u00e1talak\u00edt\u00e1sa vagy megv\u00e1ltoztat\u00e1sa, lek\u00e9rdez\u00e9se, betekint\u00e9se, felhaszn\u00e1l\u00e1sa, k\u00f6zl\u00e9se tov\u00e1bb\u00edt\u00e1sa, terjeszt\u00e9se vagy egy\u00e9b m\u00f3don t\u00f6rt\u00e9n\u0151 hozz\u00e1f\u00e9rhet\u0151v\u00e9 t\u00e9tel \u00fatj\u00e1n, \u00f6sszehangol\u00e1sa vagy \u00f6sszekapcsol\u00e1sa, korl\u00e1toz\u00e1sa, t\u00f6rl\u00e9se, illetve megsemmis\u00edt\u00e9se.<br><br><strong>Adattov\u00e1bb\u00edt\u00e1s:<\/strong> az adat meghat\u00e1rozott harmadik szem\u00e9ly sz\u00e1m\u00e1ra t\u00f6rt\u00e9n\u0151 hozz\u00e1f\u00e9rhet\u0151v\u00e9 t\u00e9tele.<br><br><strong>Nyilv\u00e1noss\u00e1grahozatal:<\/strong> az adat b\u00e1rki sz\u00e1m\u00e1ra t\u00f6rt\u00e9n\u0151 hozz\u00e1f\u00e9rhet\u0151v\u00e9 t\u00e9tele.<br><strong>Adatt\u00f6rl\u00e9s:<\/strong> az adatok felismerhetetlenn\u00e9 t\u00e9tele olyan m\u00f3don, hogy helyre\u00e1ll\u00edt\u00e1suk t\u00f6bb\u00e9 nem lehets\u00e9ges.<br><br><strong>Nyilv\u00e1ntart\u00e1si rendszer:<\/strong> a szem\u00e9lyes adatok b\u00e1rmely m\u00f3don \u2013 centraliz\u00e1lt, decentraliz\u00e1lt vagy funkcion\u00e1lis vagy f\u00f6ldrajzi szempontok szerint \u2013 tagolt \u00e1llom\u00e1nya, amely meghat\u00e1rozott ism\u00e9rvek alapj\u00e1n hozz\u00e1f\u00e9rhet\u0151.<br><br><strong>Adatkezel\u0151:<\/strong> aki az adatkezel\u00e9s c\u00e9ljait \u00e9s eszk\u00f6zeit \u2013 \u00f6n\u00e1ll\u00f3an vagy m\u00e1sokkal egy\u00fctt \u2013 meghat\u00e1rozza.<br><br><strong>Adatfeldolgoz\u00f3:<\/strong> az a term\u00e9szetes vagy jogi szem\u00e9ly, k\u00f6zhatalmi szerv, \u00fcgyn\u00f6ks\u00e9g vagy b\u00e1rmely egy\u00e9b szerv, amely az adatkezel\u0151 nev\u00e9ben szem\u00e9lyes adatokat kezel.<br><br><strong>\u00c9rintett: <\/strong>b\u00e1rmely meghat\u00e1rozott, szem\u00e9lyes adat alapj\u00e1n azonos\u00edtott vagy \u2013 k\u00f6zvetlen\u00fcl vagy k\u00f6zvetve \u2013 azonos\u00edthat\u00f3 term\u00e9szetes szem\u00e9ly.<br><br><strong>C\u00edmzett:<\/strong> az a term\u00e9szetes vagy jogi szem\u00e9ly, k\u00f6zhatalmi szerv, \u00fcgyn\u00f6ks\u00e9g vagy b\u00e1rmely egy\u00e9b szerv, akivel vagy amellyel a szem\u00e9lyes adatot k\u00f6zlik, f\u00fcggetlen\u00fcl att\u00f3l, hogy harmadik f\u00e9l-e.<br><br><strong>Harmadik f\u00e9l: <\/strong>az a term\u00e9szetes vagy jogi szem\u00e9ly, k\u00f6zhatalmi szerv, \u00fcgyn\u00f6ks\u00e9g vagy b\u00e1rmely egy\u00e9b szerv, amely nem azonos az \u00e9rintettel, az adatkezel\u0151vel, az adatfeldolgoz\u00f3val vagy azokkal a szem\u00e9lyekkel, akik az adatkezel\u0151 vagy adatfeldolgoz\u00f3 k\u00f6zvetlen ir\u00e1ny\u00edt\u00e1sa alatt a szem\u00e9lyes adatok kezel\u00e9s\u00e9re felhatalmaz\u00e1st kaptak.<br><br><strong>Az \u00e9rintett hozz\u00e1j\u00e1rul\u00e1sa:<\/strong> az \u00e9rintett akarat\u00e1nak \u00f6nk\u00e9ntes, konkr\u00e9t \u00e9s megfelel\u0151 t\u00e1j\u00e9koztat\u00e1son alapul\u00f3 \u00e9s egy\u00e9rtelm\u0171 kinyilv\u00e1n\u00edt\u00e1sa, amellyel az \u00e9rintett nyilatkozat vagy meger\u0151s\u00edt\u00e9st f\u00e9lre\u00e9rthetetlen\u00fcl kifejez\u0151 cselekedet \u00fatj\u00e1n jelzi, hogy beleegyez\u00e9s\u00e9t adja az \u0151t \u00e9rint\u0151 szem\u00e9lyes adatok kezel\u00e9s\u00e9hez.<br><br><strong>Adatv\u00e9delmi incidens:<\/strong> a biztons\u00e1g olyan s\u00e9r\u00fcl\u00e9se, amely a tov\u00e1bb\u00edtott, t\u00e1rolt vagy m\u00e1s m\u00f3don kezelt szem\u00e9lyes adatok v\u00e9letlen vagy jogellenes megsemmis\u00fcl\u00e9s\u00e9t, elveszt\u00e9s\u00e9t, megv\u00e1ltoztat\u00e1s\u00e1t, jogosulatlan k\u00f6zl\u00e9s\u00e9t vagy az azokhoz val\u00f3 jogosulatlan hozz\u00e1f\u00e9r\u00e9st eredm\u00e9nyezi.<br><br><strong>E-mail:<\/strong> (Electronic mail) elektronikus lev\u00e9l. A neve utal az \u00edr\u00e1s, illetve tov\u00e1bb\u00edt\u00e1s m\u00f3dj\u00e1ra, amely teljes eg\u00e9sz\u00e9ben elektronikus \u00faton megy v\u00e9gbe sz\u00e1m\u00edt\u00f3g\u00e9pes h\u00e1l\u00f3zatok seg\u00edts\u00e9g\u00e9vel.<br><br><strong>Internet: <\/strong>az Internet (Internetworking System) sz\u00e1m\u00edt\u00f3g\u00e9pes h\u00e1l\u00f3zatok vil\u00e1gh\u00e1l\u00f3zata (un. metah\u00e1l\u00f3zat), amely beh\u00e1l\u00f3zza az eg\u00e9sz F\u00f6ldet, \u00f6sszekapcsolva korm\u00e1nyzati, katonai, kereskedelmi, \u00fczleti, oktat\u00e1si, kutat\u00e1si, \u00e9s egy\u00e9b int\u00e9zm\u00e9nyeket, valamint egy\u00e9ni felhaszn\u00e1l\u00f3kat.<br><br><strong>Weblap, Weboldal, Webport\u00e1l, Honlap:<\/strong> megjelen\u00e9sre, inform\u00e1ci\u00f3 k\u00f6zl\u00e9sre alkalmas elektronikus fel\u00fclet, mely jellemz\u0151en az Internetre csatlakoztatott szervereken (Webserver) helyezkednek el. Ezek az oldalak, lapok, egyedi c\u00edmmel (hivatkoz\u00e1ssal) rendelkeznek, amit egy b\u00f6ng\u00e9sz\u0151 alkalmaz\u00e1sba be\u00edrva az adott oldalra navig\u00e1lhatunk. A Weboldalak technol\u00f3gi\u00e1ja lehet\u0151v\u00e9 teszi az egyes tartalomelemek, hivatkoz\u00e1sok k\u00f6z\u00f6tti el\u0151re- \u00e9s visszaugr\u00e1sokat (hypertext).<br><br><strong>S\u00fctik (cookies):<\/strong> weboldalak k\u00e9nyelmi funkci\u00f3inak megteremt\u00e9s\u00e9re szolg\u00e1l\u00f3 program komponens. K\u00e9t alapvet\u0151 fajt\u00e1ja l\u00e9tezik. Az egyik a saj\u00e1t g\u00e9pen t\u00e1rolt, a m\u00e1sik a szerver oldalon t\u00e1rolt, \u00fan. session cookie. Adatkezel\u00e9s szempontj\u00e1b\u00f3l a session cookie kezel\u00e9s\u00e9t kell szab\u00e1lyozni. A weboldalakon t\u00e1j\u00e9koztatni \u00e9s nyilatkoztatni kell a l\u00e1togat\u00f3kat a cookie-k haszn\u00e1lat\u00e1r\u00f3l.<br><br><strong>Elektronikus h\u00edrlev\u00e9l:<\/strong> c\u00edmlist\u00e1ra feliratkozott szem\u00e9lyeknek az e-mail c\u00edm\u00e9re kik\u00fcld\u00f6tt, jellemz\u0151en automatikusan l\u00e9trehozott \u00e9s egy erre rendszeres\u00edtett alkalmaz\u00e1s \u00e1ltal kik\u00fcld\u00f6tt elektronikus lev\u00e9l, tranzakci\u00f3s, rekl\u00e1m vagy egy\u00e9b m\u00e1s kamp\u00e1ny c\u00e9l\u00fa t\u00e1j\u00e9koztat\u00e1s.<\/p>\n\n\n<style>.wp-block-kadence-advancedheading.kt-adv-heading10_f30768-23, .wp-block-kadence-advancedheading.kt-adv-heading10_f30768-23[data-kb-block=\"kb-adv-heading10_f30768-23\"]{margin-top:60px;margin-bottom:10px;font-style:normal;}.wp-block-kadence-advancedheading.kt-adv-heading10_f30768-23 mark.kt-highlight, .wp-block-kadence-advancedheading.kt-adv-heading10_f30768-23[data-kb-block=\"kb-adv-heading10_f30768-23\"] mark.kt-highlight{font-style:normal;color:#f76a0c;-webkit-box-decoration-break:clone;box-decoration-break:clone;padding-top:0px;padding-right:0px;padding-bottom:0px;padding-left:0px;}.wp-block-kadence-advancedheading.kt-adv-heading10_f30768-23 img.kb-inline-image, .wp-block-kadence-advancedheading.kt-adv-heading10_f30768-23[data-kb-block=\"kb-adv-heading10_f30768-23\"] img.kb-inline-image{width:150px;vertical-align:baseline;}<\/style>\n<h3 class=\"kt-adv-heading10_f30768-23 wp-block-kadence-advancedheading\" data-kb-block=\"kb-adv-heading10_f30768-23\">Az adatkezel\u00e9sek jogalapjai \u00e9s c\u00e9ljai<\/h3>\n\n\n<style>.wp-block-kadence-advancedheading.kt-adv-heading10_20c5fc-11, .wp-block-kadence-advancedheading.kt-adv-heading10_20c5fc-11[data-kb-block=\"kb-adv-heading10_20c5fc-11\"]{margin-top:0px;margin-bottom:0px;font-style:normal;}.wp-block-kadence-advancedheading.kt-adv-heading10_20c5fc-11 mark.kt-highlight, .wp-block-kadence-advancedheading.kt-adv-heading10_20c5fc-11[data-kb-block=\"kb-adv-heading10_20c5fc-11\"] mark.kt-highlight{font-style:normal;color:#f76a0c;-webkit-box-decoration-break:clone;box-decoration-break:clone;padding-top:0px;padding-right:0px;padding-bottom:0px;padding-left:0px;}.wp-block-kadence-advancedheading.kt-adv-heading10_20c5fc-11 img.kb-inline-image, .wp-block-kadence-advancedheading.kt-adv-heading10_20c5fc-11[data-kb-block=\"kb-adv-heading10_20c5fc-11\"] img.kb-inline-image{width:150px;vertical-align:baseline;}<\/style>\n<p class=\"kt-adv-heading10_20c5fc-11 wp-block-kadence-advancedheading\" data-kb-block=\"kb-adv-heading10_20c5fc-11\">A szem\u00e9lyes adatok kiz\u00e1r\u00f3lag az al\u00e1bbi esetekben \u00e9s annyiban lehet jogszer\u0171en kezelni amennyiben legal\u00e1bb az al\u00e1bbiak egyike teljes\u00fcl a GDPR 6. cikke szerint:<br><br>\u2022 az \u00e9rintett hozz\u00e1j\u00e1rul\u00e1s\u00e1t adta szem\u00e9lyes adatainak egy vagy t\u00f6bb konkr\u00e9t c\u00e9lb\u00f3l t\u00f6rt\u00e9n\u0151 kezel\u00e9s\u00e9hez;<br>\u2022 az adatkezel\u00e9s olyan szerz\u0151d\u00e9s teljes\u00edt\u00e9s\u00e9hez sz\u00fcks\u00e9ges, amelyben az \u00e9rintett az egyik f\u00e9l, vagy az a szerz\u0151d\u00e9s megk\u00f6t\u00e9s\u00e9t megel\u0151z\u0151en az \u00e9rintett k\u00e9r\u00e9s\u00e9re t\u00f6rt\u00e9n\u0151 l\u00e9p\u00e9sek megt\u00e9tel\u00e9hez sz\u00fcks\u00e9ges;<br>\u2022 az adatkezel\u00e9s az adatkezel\u0151re vonatkoz\u00f3 jogi k\u00f6telezetts\u00e9g teljes\u00edt\u00e9s\u00e9hez sz\u00fcks\u00e9ges;<br>\u2022 az adatkezel\u00e9s az \u00e9rintett vagy egy m\u00e1sik term\u00e9szetes szem\u00e9ly l\u00e9tfontoss\u00e1g\u00fa \u00e9rdekeinek v\u00e9delme miatt sz\u00fcks\u00e9ges;<br>\u2022 az adatkezel\u00e9s k\u00f6z\u00e9rdek\u0171 vagy az adatkezel\u0151re ruh\u00e1zott k\u00f6zhatalmi jogos\u00edtv\u00e1ny gyakorl\u00e1s\u00e1nak keret\u00e9ben v\u00e9gzett feladat v\u00e9grehajt\u00e1s\u00e1hoz sz\u00fcks\u00e9ges;<br>\u2022 az adatkezel\u00e9s az adatkezel\u0151 vagy egy harmadik f\u00e9l jogos \u00e9rdekeinek \u00e9rv\u00e9nyes\u00edt\u00e9s\u00e9hez sz\u00fcks\u00e9ges, kiv\u00e9ve, ha ezen \u00e9rdekekkel szemben els\u0151bbs\u00e9get \u00e9lveznek az \u00e9rintett olyan \u00e9rdekei vagy alapvet\u0151 jogai \u00e9s szabads\u00e1gai, amelyek szem\u00e9lyes adatok v\u00e9delm\u00e9t teszik sz\u00fcks\u00e9gess\u00e9, k\u00fcl\u00f6n\u00f6sen, ha az \u00e9rintett gyermek.<br><br>Az adatkezel\u00e9s jogszer\u0171s\u00e9g\u00e9t az Adatkezel\u0151nek a tev\u00e9kenys\u00e9ge minden f\u00e1zis\u00e1ban vizsg\u00e1lnia kell, csak olyan adatot \u00e9s addig kezelhet, amelynek c\u00e9lj\u00e1t, jogalapj\u00e1t igazolni tudja. Amennyiben a jogalap felt\u00e9tele megsz\u0171nik, a tov\u00e1bbiakban az adatkezel\u00e9s csak annyiban jogszer\u0171, ha m\u00e1sik jogalapot tud igazolni, ennek hi\u00e1ny\u00e1ban az adatot t\u00f6r\u00f6lni kell.<br><\/p>\n\n\n<style>.wp-block-kadence-advancedheading.kt-adv-heading10_8fd7e5-25, .wp-block-kadence-advancedheading.kt-adv-heading10_8fd7e5-25[data-kb-block=\"kb-adv-heading10_8fd7e5-25\"]{margin-top:60px;margin-bottom:10px;font-style:normal;}.wp-block-kadence-advancedheading.kt-adv-heading10_8fd7e5-25 mark.kt-highlight, .wp-block-kadence-advancedheading.kt-adv-heading10_8fd7e5-25[data-kb-block=\"kb-adv-heading10_8fd7e5-25\"] mark.kt-highlight{font-style:normal;color:#f76a0c;-webkit-box-decoration-break:clone;box-decoration-break:clone;padding-top:0px;padding-right:0px;padding-bottom:0px;padding-left:0px;}.wp-block-kadence-advancedheading.kt-adv-heading10_8fd7e5-25 img.kb-inline-image, .wp-block-kadence-advancedheading.kt-adv-heading10_8fd7e5-25[data-kb-block=\"kb-adv-heading10_8fd7e5-25\"] img.kb-inline-image{width:150px;vertical-align:baseline;}<\/style>\n<h3 class=\"kt-adv-heading10_8fd7e5-25 wp-block-kadence-advancedheading\" data-kb-block=\"kb-adv-heading10_8fd7e5-25\">A honlap m\u0171k\u00f6dtet\u00e9se<\/h3>\n\n\n<style>.wp-block-kadence-advancedheading.kt-adv-heading10_7946ca-1e, .wp-block-kadence-advancedheading.kt-adv-heading10_7946ca-1e[data-kb-block=\"kb-adv-heading10_7946ca-1e\"]{margin-top:0px;margin-bottom:0px;font-style:normal;}.wp-block-kadence-advancedheading.kt-adv-heading10_7946ca-1e mark.kt-highlight, .wp-block-kadence-advancedheading.kt-adv-heading10_7946ca-1e[data-kb-block=\"kb-adv-heading10_7946ca-1e\"] mark.kt-highlight{font-style:normal;color:#f76a0c;-webkit-box-decoration-break:clone;box-decoration-break:clone;padding-top:0px;padding-right:0px;padding-bottom:0px;padding-left:0px;}.wp-block-kadence-advancedheading.kt-adv-heading10_7946ca-1e img.kb-inline-image, .wp-block-kadence-advancedheading.kt-adv-heading10_7946ca-1e[data-kb-block=\"kb-adv-heading10_7946ca-1e\"] img.kb-inline-image{width:150px;vertical-align:baseline;}<\/style>\n<p class=\"kt-adv-heading10_7946ca-1e wp-block-kadence-advancedheading\" data-kb-block=\"kb-adv-heading10_7946ca-1e\">A szerver \u00e9s t\u00e1rhely szolg\u00e1ltat\u00f3: Rackforest Zrt.<br>C\u00edm: 1132 Budapest, Victor Hugo utca 11. 5. em. B05001.<br><br>A szerver \u00e9s t\u00e1rhely szolg\u00e1ltat\u00f3 a birtok\u00e1ba jutott szem\u00e9lyes adatoknak a t\u00e1rol\u00e1s\u00e1t v\u00e9gzi, azok felhaszn\u00e1l\u00e1s\u00e1ra nem jogosult.<\/p>\n\n\n<style>.wp-block-kadence-advancedheading.kt-adv-heading10_e076a6-56, .wp-block-kadence-advancedheading.kt-adv-heading10_e076a6-56[data-kb-block=\"kb-adv-heading10_e076a6-56\"]{margin-top:60px;margin-bottom:10px;font-style:normal;}.wp-block-kadence-advancedheading.kt-adv-heading10_e076a6-56 mark.kt-highlight, .wp-block-kadence-advancedheading.kt-adv-heading10_e076a6-56[data-kb-block=\"kb-adv-heading10_e076a6-56\"] mark.kt-highlight{font-style:normal;color:#f76a0c;-webkit-box-decoration-break:clone;box-decoration-break:clone;padding-top:0px;padding-right:0px;padding-bottom:0px;padding-left:0px;}.wp-block-kadence-advancedheading.kt-adv-heading10_e076a6-56 img.kb-inline-image, .wp-block-kadence-advancedheading.kt-adv-heading10_e076a6-56[data-kb-block=\"kb-adv-heading10_e076a6-56\"] img.kb-inline-image{width:150px;vertical-align:baseline;}<\/style>\n<h3 class=\"kt-adv-heading10_e076a6-56 wp-block-kadence-advancedheading\" data-kb-block=\"kb-adv-heading10_e076a6-56\">A honlapon alkalmazott cookiek-kal kapcsolatos t\u00e1j\u00e9koztat\u00e1s<\/h3>\n\n\n<style>.wp-block-kadence-advancedheading.kt-adv-heading10_e6d6c0-e2, .wp-block-kadence-advancedheading.kt-adv-heading10_e6d6c0-e2[data-kb-block=\"kb-adv-heading10_e6d6c0-e2\"]{margin-top:0px;margin-bottom:0px;font-style:normal;}.wp-block-kadence-advancedheading.kt-adv-heading10_e6d6c0-e2 mark.kt-highlight, .wp-block-kadence-advancedheading.kt-adv-heading10_e6d6c0-e2[data-kb-block=\"kb-adv-heading10_e6d6c0-e2\"] mark.kt-highlight{font-style:normal;color:#f76a0c;-webkit-box-decoration-break:clone;box-decoration-break:clone;padding-top:0px;padding-right:0px;padding-bottom:0px;padding-left:0px;}.wp-block-kadence-advancedheading.kt-adv-heading10_e6d6c0-e2 img.kb-inline-image, .wp-block-kadence-advancedheading.kt-adv-heading10_e6d6c0-e2[data-kb-block=\"kb-adv-heading10_e6d6c0-e2\"] img.kb-inline-image{width:150px;vertical-align:baseline;}<\/style>\n<p class=\"kt-adv-heading10_e6d6c0-e2 wp-block-kadence-advancedheading\" data-kb-block=\"kb-adv-heading10_e6d6c0-e2\">A cookie-k olyan f\u00e1jlok, amelyeket az \u00d6n \u00e1ltal felkeresett webhelyek hoznak l\u00e9tre. A b\u00f6ng\u00e9sz\u00e9si adatok ment\u00e9s\u00e9vel megk\u00f6nny\u00edtik az online navig\u00e1ci\u00f3t. A cookie-k seg\u00edts\u00e9g\u00e9vel a webhelyek a k\u00f6vetkez\u0151kre k\u00e9pesek:<br>\u2022 eml\u00e9kezhetnek a webhelybe\u00e1ll\u00edt\u00e1saira;<br>\u2022 helyi szinten relev\u00e1ns tartalmat k\u00edn\u00e1lhatnak \u00d6nnek.<br>N\u00e9h\u00e1ny cookie azonban a honlap bez\u00e1r\u00e1s\u00e1val megsz\u0171nik, n\u00e9h\u00e1nynak pedig hosszabb a lej\u00e1rati ideje.<br><br><strong>A cookie-k jogszab\u00e1lyi h\u00e1ttere:<br><\/strong>Az adatkezel\u00e9s jogszab\u00e1lyi h\u00e1tter\u00e9t a GDPR, az Infotv. \u00e9s az elektronikus kereskedelmi szolg\u00e1ltat\u00e1sok, valamint az inform\u00e1ci\u00f3s t\u00e1rsadalommal \u00f6sszef\u00fcgg\u0151 szolg\u00e1ltat\u00e1sok egyes k\u00e9rd\u00e9seir\u0151l sz\u00f3l\u00f3 2001. \u00e9vi CVIII. t\u00f6rv\u00e9ny rendelkez\u00e9sei jelentik.<br><br><strong>A cookie-k jogalapja:<br><\/strong>Az adatkezel\u00e9s jogalapja a session (munkamenet) cookie-k eset\u00e9ben a GDPR 6. cikk (1) bekezd\u00e9s f) pontja, egy\u00e9b cookie-k (pl. biztons\u00e1gi, analitikai) eset\u00e9ben a GDPR 6. cikk (1) bekezd\u00e9s a) pontja, illetve az Infotv. 5. \u00a7 (1) bekezd\u00e9s a) pontj\u00e1val \u00f6sszhangban az \u00d6n hozz\u00e1j\u00e1rul\u00e1sa. T\u00e1j\u00e9koztatjuk, hogy az \u00e9rintett az Adatkezel\u0151 weboldal\u00e1n a cookie-k haszn\u00e1lat\u00e1nak elfogad\u00e1s\u00e1val kapcsolatban akk\u00e9nt nyilatkozik, hogy 16. \u00e9let\u00e9v\u00e9t bet\u00f6lt\u00f6tte. 16 \u00e9ven aluli szem\u00e9ly a weboldal \u00e1ltal alkalmazott cookie-k elfogad\u00e1s\u00e1r\u00f3l vagy elutas\u00edt\u00e1s\u00e1r\u00f3l nem nyilatkozhat. A GDPR 8. cikk (1) bekezd\u00e9se alapj\u00e1n az adatkezel\u00e9shez t\u00f6rt\u00e9n\u0151 hozz\u00e1j\u00e1rul\u00e1s\u00e1t tartalmaz\u00f3 jognyilatkozat\u00e1nak \u00e9rv\u00e9nyess\u00e9g\u00e9hez t\u00f6rv\u00e9nyes k\u00e9pvisel\u0151j\u00e9nek enged\u00e9lye sz\u00fcks\u00e9ges. Az adatkezel\u0151nek nem \u00e1ll m\u00f3dj\u00e1ban a hozz\u00e1j\u00e1rul\u00f3 szem\u00e9ly \u00e9letkor\u00e1t \u00e9s jogosults\u00e1g\u00e1t ellen\u0151rizni, \u00edgy az \u00e9rintett szavatol az\u00e9rt, hogy a megadott adatai a val\u00f3s\u00e1gnak megfelelnek.<br><br><strong>A honlap az al\u00e1bbi cookie-kat haszn\u00e1lja:<\/strong><br>Jelen honlap nem haszn\u00e1l cookie-kat.<strong><br><\/strong><br><strong>Kapcsolatfelv\u00e9tel, \u00e9rdekl\u0151d\u00e9s, \u00e1raj\u00e1nlat k\u00e9r\u00e9se a weboldalon kereszt\u00fcl<br><\/strong>Az Adatkezel\u0151 lehet\u0151v\u00e9 teszi, hogy a weboldalon felt\u0171ntetett el\u00e9rhet\u0151s\u00e9gek b\u00e1rmelyik\u00e9n az \u00e9rdekl\u0151d\u0151 felvegye vele a kapcsolatot, vagy a weboldalon tal\u00e1lhat\u00f3 kapcsolati \u0171rlapon kereszt\u00fcl sz\u00e1m\u00e1ra \u00fczenetet k\u00fcldj\u00f6n. A megadott adatok kiz\u00e1r\u00f3lag az \u00e9rdekl\u0151d\u0151vel val\u00f3 kapcsolattart\u00e1s miatt ker\u00fclnek felhaszn\u00e1l\u00e1sra.<br>A kapcsolatfelv\u00e9teli \u0171rlapon az al\u00e1bbi szem\u00e9lyes adatokat kell megadni:<br>\u2022 email<br>\u2022 keresztn\u00e9v<br>\u2022 \u00fczenet<br><br>Az adatkezel\u00e9s c\u00e9lja, hogy a weboldal \u00fczemeltet\u0151je kapcsolatot l\u00e9tes\u00edtsen az \u00e9rdekl\u0151d\u0151kkel, sz\u00e1mukra \u00e1raj\u00e1nlatot ny\u00fajtson.<br><br><strong>Az adatkezel\u00e9s jogalapja:<\/strong> \u00c9rdekl\u0151d\u00e9s, t\u00e1j\u00e9koztat\u00e1s k\u00e9r\u00e9se eset\u00e9n \u00f6nk\u00e9ntes hozz\u00e1j\u00e1rul\u00e1son alapul az adatkezel\u00e9s a GDPR 6. cikk (1) bekezd\u00e9s a) pontja alapj\u00e1n. \u00c1raj\u00e1nlat ny\u00fajt\u00e1sa eset\u00e9n a GDPR 6. cikk (1 bekezd\u00e9s b) pontja alapj\u00e1n az adatkezel\u00e9s olyan szerz\u0151d\u00e9s teljes\u00edt\u00e9s\u00e9hez sz\u00fcks\u00e9ges, amelyben az \u00e9rintett az egyik f\u00e9l, vagy az a szerz\u0151d\u00e9s megk\u00f6t\u00e9s\u00e9t megel\u0151z\u0151en az \u00e9rintett k\u00e9r\u00e9s\u00e9re t\u00f6rt\u00e9n\u0151 l\u00e9p\u00e9sek megt\u00e9tel\u00e9hez sz\u00fcks\u00e9ges.<br><br><strong>Az adatkezel\u00e9s id\u0151tartama:<\/strong><br>A megadott szem\u00e9lyes adatok a kapcsolatfelv\u00e9tel jelleg\u00e9t\u0151l f\u00fcgg\u0151en k\u00fcl\u00f6nb\u00f6z\u0151 ideig ker\u00fclnek kezel\u00e9sre.<br><br>\u00c9rdekl\u0151d\u00e9s, kapcsolatfelv\u00e9tel eset\u00e9n az adatokat a sz\u00fcks\u00e9ges t\u00e1j\u00e9koztat\u00e1s megad\u00e1s\u00e1t k\u00f6vet\u0151en az Adatkezel\u0151 nem \u0151rzi tov\u00e1bb, kiv\u00e9ve, ha az eseti jelleg\u0171 kapcsolatfelv\u00e9tel t\u00e1rgy\u00e1ban jogszer\u0171en ig\u00e9ny \u00e9rv\u00e9nyes\u00edthet\u0151, abban az esetben annak igazolhat\u00f3s\u00e1ga c\u00e9lj\u00e1b\u00f3l legfeljebb 5 \u00e9vig \u0151rzi.<br><br>\u00c1raj\u00e1nlat ny\u00fajt\u00e1sa eset\u00e9n az adat\u0151rz\u00e9si id\u0151 az aj\u00e1nlati k\u00f6t\u00f6tts\u00e9g fenn\u00e1ll\u00e1sa, amelyre a Ptk. 6:64-69. \u00a7-ai ir\u00e1nyad\u00f3k.<br>\u00dczleti kapcsolat l\u00e9trej\u00f6tte eset\u00e9n az adatokat a Sz\u00e1mviteli t\u00f6rv\u00e9ny 169.\u00a7 (2) bekezd\u00e9se alapj\u00e1n 8 \u00e9vig kell meg\u0151rizni.<br><br><strong>H\u00edrlev\u00e9lre t\u00f6rt\u00e9n\u0151 feliratkoz\u00e1s<br><\/strong>Az Adatkezel\u0151 lehet\u0151s\u00e9get ny\u00fajt, hogy a weboldal\u00e1n az \u00e9rdekl\u0151d\u0151k feliratkozzanak a h\u00edrleveleire. A h\u00edrlev\u00e9lre t\u00f6rt\u00e9n\u0151 feliratkoz\u00e1s az \u00e9rintett \u00f6nk\u00e9ntes, k\u00fcls\u0151 befoly\u00e1smentes hozz\u00e1j\u00e1rul\u00e1s\u00e1val t\u00f6rt\u00e9nik. Az \u00e9rintett a h\u00edrlev\u00e9lre az email c\u00edm\u00e9nek a megad\u00e1s\u00e1val tud feliratkozni. Amennyiben az \u00e9rintett a j\u00f6v\u0151ben nem szeretne tov\u00e1bbi h\u00edrlevelet kapni, b\u00e1rmikor leiratkozhat r\u00f3la.<br><br>Az adatkezel\u00e9s c\u00e9lja: a h\u00edrlev\u00e9lre t\u00f6rt\u00e9n\u0151 feliratkoz\u00e1s lehet\u0151s\u00e9g\u00e9nek biztos\u00edt\u00e1sa.<br>Az adatkezel\u00e9s jogalapja: az \u00e9rintett hozz\u00e1j\u00e1rul\u00e1sa (GDPR 6. cikk a) pont).<br><br>Kezelt adatok:<br>\u2022 email c\u00edm<br>Az adatkezel\u00e9s id\u0151tartama: hozz\u00e1j\u00e1rul\u00e1s visszavon\u00e1s\u00e1ig.<br><br><strong>Facebook oldallal kapcsolatos adatkezel\u00e9s<\/strong>:<br>A weboldal \u00fczemeltet\u0151je k\u00f6z\u00f6ss\u00e9gi oldal\u00e1n (NiiN \u2013 Nik\u00e9 Interior Design) kereszt\u00fcl is n\u00e9pszer\u0171s\u00edti \u00e9s ismerteti az \u00e1ltala ny\u00fajtott szolg\u00e1ltat\u00e1st, valamint lehet\u0151s\u00e9get ny\u00fajt a Messengeren kereszt\u00fcl t\u00f6rt\u00e9n\u0151 kapcsolatfelv\u00e9telre. Az Adatkezel\u0151 a Facebook oldal\u00e1n kereszt\u00fcl birtok\u00e1ba jutott szem\u00e9lyes adatokat bizalmasan kezeli, kiz\u00e1r\u00f3lag az \u00e9rintettel val\u00f3 kapcsolattart\u00e1sra, k\u00e9rd\u00e9sek megv\u00e1laszol\u00e1s\u00e1ra, \u00e1raj\u00e1nlat ny\u00fajt\u00e1s\u00e1ra haszn\u00e1lja. Az Adatkezel\u0151 a Facebook oldal\u00e1n az \u00e1ltala k\u00e9sz\u00edtett munk\u00e1kb\u00f3l oszt meg fot\u00f3kat.<br>Az adatkezel\u00e9s c\u00e9lja a szolg\u00e1ltat\u00e1sok n\u00e9pszer\u0171s\u00edt\u00e9se, rekl\u00e1moz\u00e1sa \u00e9s inform\u00e1ci\u00f3k ny\u00fajt\u00e1sa az \u00e9rdekl\u0151d\u0151k sz\u00e1m\u00e1ra.<br><br><strong>Az adatkezel\u00e9s jogalapja:<br><\/strong>A GDPR 6. cikk (1) bekezd\u00e9s a) pontja alapj\u00e1n \u00f6nk\u00e9ntes hozz\u00e1j\u00e1rul\u00e1son alapul, amelyet megadottnak kell tekinteni azzal, hogy az \u00e9rintett kedveli, k\u00f6veti az oldalt, kommentet \u00edr a bejegyz\u00e9sekhez, vagy \u00fczenet form\u00e1j\u00e1ban felveszi a kapcsolatot az oldal \u00fczemeltet\u0151j\u00e9vel.<br>K\u00f6z\u00f6s adatkezel\u0151: Meta Platforms Ireland Ltd., 4 Grand Canal Square, Grand Canal Harbour, Dublin 2, Ireland.<br>Az oldal \u00fczemeltet\u0151je nem v\u00e1llalja a felel\u0151ss\u00e9get a m\u00e1r t\u00f6r\u00f6lt, de az internetes keres\u0151programok k\u00f6zrem\u0171k\u00f6d\u00e9s\u00e9vel m\u00e9gis archiv\u00e1l\u00e1sra ker\u00fclt, kor\u00e1bbi oldalai\u00e9rt. Ezek elt\u00e1vol\u00edt\u00e1s\u00e1r\u00f3l a keres\u0151oldal m\u0171k\u00f6dtet\u0151j\u00e9nek kell gondoskodni.<br>A Facebook adatkezel\u00e9s\u00e9r\u0151l b\u0151vebben az al\u00e1bbi linkre kattintva olvashat:\u00a0<a href=\"https:\/\/www.facebook.com\/privacy\/explanation\">https:\/\/www.facebook.com\/privacy\/explanation<\/a><br><br><strong>Instagram oldallal kapcsolatos adatkezel\u00e9s<\/strong>:<br>A weboldal \u00fczemeltet\u0151je Instagram k\u00f6z\u00f6ss\u00e9gi oldal\u00e1n (niin.interior.design) kereszt\u00fcl is n\u00e9pszer\u0171s\u00edti \u00e9s ismerteti az \u00e1ltala ny\u00fajtott szolg\u00e1ltat\u00e1st, valamint lehet\u0151s\u00e9get ny\u00fajt a Messengeren kereszt\u00fcl t\u00f6rt\u00e9n\u0151 kapcsolatfelv\u00e9telre. Az Adatkezel\u0151 az Instagram oldal\u00e1n kereszt\u00fcl birtok\u00e1ba jutott szem\u00e9lyes adatokat bizalmasan kezeli, kiz\u00e1r\u00f3lag az \u00e9rintettel val\u00f3 kapcsolattart\u00e1sra, k\u00e9rd\u00e9sek megv\u00e1laszol\u00e1s\u00e1ra, \u00e1raj\u00e1nlat ny\u00fajt\u00e1s\u00e1ra haszn\u00e1lja. Az Adatkezel\u0151 az Instagram oldal\u00e1n az \u00e1ltala k\u00e9sz\u00edtett munk\u00e1kb\u00f3l oszt meg fot\u00f3kat.<br>Az adatkezel\u00e9s c\u00e9lja a szolg\u00e1ltat\u00e1sok n\u00e9pszer\u0171s\u00edt\u00e9se, rekl\u00e1moz\u00e1sa \u00e9s inform\u00e1ci\u00f3k ny\u00fajt\u00e1sa az \u00e9rdekl\u0151d\u0151k sz\u00e1m\u00e1ra.<br><br><strong>Az adatkezel\u00e9s jogalapja:<\/strong><br>A GDPR 6. cikk (1) bekezd\u00e9s a) pontja alapj\u00e1n \u00f6nk\u00e9ntes hozz\u00e1j\u00e1rul\u00e1son alapul, amelyet megadottnak kell tekinteni azzal, hogy az \u00e9rintett kedveli, k\u00f6veti az oldalt, kommentet \u00edr a bejegyz\u00e9sekhez, vagy \u00fczenet form\u00e1j\u00e1ban felveszi a kapcsolatot az oldal \u00fczemeltet\u0151j\u00e9vel.<br>K\u00f6z\u00f6s adatkezel\u0151: Meta Platforms Ireland Ltd., 4 Grand Canal Square, Grand Canal Harbour, Dublin 2, Ireland.<br>Az oldal \u00fczemeltet\u0151je nem v\u00e1llalja a felel\u0151ss\u00e9get a m\u00e1r t\u00f6r\u00f6lt, de az internetes keres\u0151programok k\u00f6zrem\u0171k\u00f6d\u00e9s\u00e9vel m\u00e9gis archiv\u00e1l\u00e1sra ker\u00fclt, kor\u00e1bbi oldalai\u00e9rt. Ezek elt\u00e1vol\u00edt\u00e1s\u00e1r\u00f3l a keres\u0151oldal m\u0171k\u00f6dtet\u0151j\u00e9nek kell gondoskodni.<br>Az Instagram adatv\u00e9delm\u00e9r\u0151l b\u0151vebben az al\u00e1bbi linkre kattintva olvashat:\u00a0<a href=\"https:\/\/help.instagram.com\/519522125107875\">https:\/\/help.instagram.com\/519522125107875<\/a><br><br><strong>LinkedIn oldallal kapcsolatos adatkezel\u00e9s:<br><\/strong>A weboldal \u00fczemeltet\u0151je a LinkedIn platformj\u00e1n kereszt\u00fcl is n\u00e9pszer\u0171s\u00edti \u00e9s ismerteti az \u00e1ltala ny\u00fajtott szolg\u00e1ltat\u00e1st, szakmai \u00e9let\u00e9t, valamint lehet\u0151s\u00e9get ny\u00fajt a k\u00f6z\u00f6ss\u00e9gi oldalon kereszt\u00fcl t\u00f6rt\u00e9n\u0151 kapcsolatfelv\u00e9telre. Az Adatkezel\u0151 a LinkedIn oldal\u00e1n kereszt\u00fcl birtok\u00e1ba jutott szem\u00e9lyes adatokat bizalmasan kezeli, kiz\u00e1r\u00f3lag az \u00e9rintettel val\u00f3 kapcsolattart\u00e1sra, k\u00e9rd\u00e9sek megv\u00e1laszol\u00e1s\u00e1ra, \u00e1raj\u00e1nlat ny\u00fajt\u00e1s\u00e1ra haszn\u00e1lja.<br>Az adatkezel\u00e9s c\u00e9lja a szolg\u00e1ltat\u00e1sok n\u00e9pszer\u0171s\u00edt\u00e9se, rekl\u00e1moz\u00e1sa \u00e9s inform\u00e1ci\u00f3k ny\u00fajt\u00e1sa az \u00e9rdekl\u0151d\u0151k sz\u00e1m\u00e1ra.<br><br><strong>Az adatkezel\u00e9s jogalapja:<\/strong><br>A GDPR 6. cikk (1) bekezd\u00e9s a) pontja alapj\u00e1n \u00f6nk\u00e9ntes hozz\u00e1j\u00e1rul\u00e1son alapul, amelyet megadottnak kell tekinteni azzal, hogy az \u00e9rintett ismer\u0151snek jel\u00f6li az Adatkezel\u0151t a k\u00f6z\u00f6ss\u00e9gi oldalon, vagy \u00fczenet form\u00e1j\u00e1ban felveszi a kapcsolatot az Adatkezel\u0151vel.<br>K\u00f6z\u00f6s adatkezel\u0151: LinkedIn Corporation, Sunnyvale, California, USA.<br>A LinkedIn adatkezel\u00e9s\u00e9r\u0151l b\u0151vebben az al\u00e1bbi linkre kattintva olvashat:\u00a0<a href=\"https:\/\/www.linkedin.com\/legal\/privacy-policy\">https:\/\/www.linkedin.com\/legal\/privacy-policy<\/a><br><br><strong>Pinterest oldallal kapcsolatos adatkezel\u00e9s:<br><\/strong>A weboldal \u00fczemeltet\u0151je Pinterest k\u00f6z\u00f6ss\u00e9gi oldal\u00e1n kereszt\u00fcl is n\u00e9pszer\u0171s\u00edti \u00e9s ismerteti az \u00e1ltala ny\u00fajtott szolg\u00e1ltat\u00e1st, valamint lehet\u0151s\u00e9get ny\u00fajt a k\u00f6z\u00f6ss\u00e9gi oldal, hogy az \u00e9rintett k\u00f6zvetve email form\u00e1j\u00e1ban felvegye a kapcsolatot az adatkezel\u0151vel. Az Adatkezel\u0151 a Pinterest oldal\u00e1nak k\u00f6sz\u00f6nhet\u0151en, az email form\u00e1j\u00e1ban birtok\u00e1ba jutott szem\u00e9lyes adatokat bizalmasan kezeli, kiz\u00e1r\u00f3lag az \u00e9rintettel val\u00f3 kapcsolattart\u00e1sra, k\u00e9rd\u00e9sek megv\u00e1laszol\u00e1s\u00e1ra, \u00e1raj\u00e1nlat ny\u00fajt\u00e1s\u00e1ra haszn\u00e1lja.<br>Az adatkezel\u00e9s c\u00e9lja a szolg\u00e1ltat\u00e1sok n\u00e9pszer\u0171s\u00edt\u00e9se, rekl\u00e1moz\u00e1sa \u00e9s inform\u00e1ci\u00f3k ny\u00fajt\u00e1sa az \u00e9rdekl\u0151d\u0151k sz\u00e1m\u00e1ra.<br><br><strong>Az adatkezel\u00e9s jogalapja:<\/strong><br>A GDPR 6. cikk (1) bekezd\u00e9s a) pontja alapj\u00e1n \u00f6nk\u00e9ntes hozz\u00e1j\u00e1rul\u00e1son alapul, amelyet megadottnak kell tekinteni azzal, hogy az \u00e9rintett k\u00f6veti az Adatkezel\u0151t a k\u00f6z\u00f6ss\u00e9gi oldalon, vagy k\u00f6zvetett m\u00f3don emailben felveszi a kapcsolatot az Adatkezel\u0151vel.<br>K\u00f6z\u00f6s adatkezel\u0151: Pinterest Inc., 808 Brannan Street San Francisco, CA 94103 USA<br>A Pinterest adatkezel\u00e9s\u00e9r\u0151l b\u0151vebben az al\u00e1bbi linkre kattintva olvashat:\u00a0<a href=\"https:\/\/policy.pinterest.com\/hu\/privacy-policy\">https:\/\/policy.pinterest.com\/hu\/privacy-policy<\/a><\/p>\n\n\n<style>.wp-block-kadence-advancedheading.kt-adv-heading10_bd543f-e5, .wp-block-kadence-advancedheading.kt-adv-heading10_bd543f-e5[data-kb-block=\"kb-adv-heading10_bd543f-e5\"]{margin-top:60px;margin-bottom:10px;font-style:normal;}.wp-block-kadence-advancedheading.kt-adv-heading10_bd543f-e5 mark.kt-highlight, .wp-block-kadence-advancedheading.kt-adv-heading10_bd543f-e5[data-kb-block=\"kb-adv-heading10_bd543f-e5\"] mark.kt-highlight{font-style:normal;color:#f76a0c;-webkit-box-decoration-break:clone;box-decoration-break:clone;padding-top:0px;padding-right:0px;padding-bottom:0px;padding-left:0px;}.wp-block-kadence-advancedheading.kt-adv-heading10_bd543f-e5 img.kb-inline-image, .wp-block-kadence-advancedheading.kt-adv-heading10_bd543f-e5[data-kb-block=\"kb-adv-heading10_bd543f-e5\"] img.kb-inline-image{width:150px;vertical-align:baseline;}<\/style>\n<h3 class=\"kt-adv-heading10_bd543f-e5 wp-block-kadence-advancedheading\" data-kb-block=\"kb-adv-heading10_bd543f-e5\">Adatv\u00e9delmi incidens<\/h3>\n\n\n<style>.wp-block-kadence-advancedheading.kt-adv-heading10_7e2deb-cf, .wp-block-kadence-advancedheading.kt-adv-heading10_7e2deb-cf[data-kb-block=\"kb-adv-heading10_7e2deb-cf\"]{margin-top:0px;margin-bottom:0px;font-style:normal;}.wp-block-kadence-advancedheading.kt-adv-heading10_7e2deb-cf mark.kt-highlight, .wp-block-kadence-advancedheading.kt-adv-heading10_7e2deb-cf[data-kb-block=\"kb-adv-heading10_7e2deb-cf\"] mark.kt-highlight{font-style:normal;color:#f76a0c;-webkit-box-decoration-break:clone;box-decoration-break:clone;padding-top:0px;padding-right:0px;padding-bottom:0px;padding-left:0px;}.wp-block-kadence-advancedheading.kt-adv-heading10_7e2deb-cf img.kb-inline-image, .wp-block-kadence-advancedheading.kt-adv-heading10_7e2deb-cf[data-kb-block=\"kb-adv-heading10_7e2deb-cf\"] img.kb-inline-image{width:150px;vertical-align:baseline;}<\/style>\n<p class=\"kt-adv-heading10_7e2deb-cf wp-block-kadence-advancedheading\" data-kb-block=\"kb-adv-heading10_7e2deb-cf\">Az adatv\u00e9delmi incidens megfelel\u0151 \u00e9s kell\u0151 idej\u0171 int\u00e9zked\u00e9s hi\u00e1ny\u00e1ban fizikai, vagyoni vagy nem vagyoni k\u00e1rokat okozhat a term\u00e9szetes szem\u00e9lyeknek, t\u00f6bbek k\u00f6z\u00f6tt a szem\u00e9lyes adataik feletti rendelkez\u00e9s elveszt\u00e9s\u00e9t vagy a jogaik korl\u00e1toz\u00e1s\u00e1t, a h\u00e1tr\u00e1nyos megk\u00fcl\u00f6nb\u00f6ztet\u00e9st, a szem\u00e9lyazonoss\u00e1g-lop\u00e1st vagy a szem\u00e9lyazonoss\u00e1ggal val\u00f3 vissza\u00e9l\u00e9st, a p\u00e9nz\u00fcgyi vesztes\u00e9get, az \u00e1lneves\u00edt\u00e9s enged\u00e9ly n\u00e9lk\u00fcli felold\u00e1s\u00e1t, a j\u00f3 h\u00edrn\u00e9v s\u00e9relm\u00e9t, a szakmai titoktart\u00e1si k\u00f6telezetts\u00e9g \u00e1ltal v\u00e9dett szem\u00e9lyes adatok bizalmas jelleg\u00e9nek s\u00e9r\u00fcl\u00e9s\u00e9t, illetve a sz\u00f3ban forg\u00f3 term\u00e9szetes szem\u00e9lyeket s\u00fajt\u00f3 egy\u00e9b jelent\u0151s gazdas\u00e1gi vagy szoci\u00e1lis h\u00e1tr\u00e1nyt. Meg kell bizonyosodni arr\u00f3l, hogy az \u00f6sszes megfelel\u0151 technol\u00f3giai v\u00e9delmi \u00e9s szervez\u00e9si int\u00e9zked\u00e9s v\u00e9grehajt\u00e1sra ker\u00fclt-e, egyr\u00e9szt az adatv\u00e9delmi incidens halad\u00e9ktalan meg\u00e1llap\u00edt\u00e1sa, m\u00e1sr\u00e9szt a fel\u00fcgyeleti hat\u00f3s\u00e1gnak t\u00f6rt\u00e9n\u0151 bejelent\u00e9s \u00e9s az \u00e9rintett s\u00fcrg\u0151s \u00e9rtes\u00edt\u00e9se \u00e9rdek\u00e9ben. Azt, hogy az \u00e9rtes\u00edt\u00e9sre indokolatlan k\u00e9sedelem n\u00e9lk\u00fcl ker\u00fclt-e sor, k\u00fcl\u00f6n\u00f6sen az adatv\u00e9delmi incidens jelleg\u00e9re \u00e9s s\u00falyoss\u00e1g\u00e1ra, valamint annak az \u00e9rintettre gyakorolt k\u00f6vetkezm\u00e9nyeire, illetve h\u00e1tr\u00e1nyos hat\u00e1saira figyelemmel kell meg\u00e1llap\u00edtani. A fel\u00fcgyeleti hat\u00f3s\u00e1gnak t\u00f6rt\u00e9nt bejelent\u00e9st az e rendeletben meghat\u00e1rozott feladataival \u00e9s hat\u00e1sk\u00f6reivel \u00f6sszhangban t\u00f6rt\u00e9n\u0151 beavatkoz\u00e1s\u00e1t eredm\u00e9nyezheti.<br><br><strong>Az adatv\u00e9delmi incidens bejelent\u00e9se a fel\u00fcgyeleti hat\u00f3s\u00e1gnak:<\/strong><br>Az adatv\u00e9delmi incidenst az adatkezel\u0151 indokolatlan k\u00e9sedelem n\u00e9lk\u00fcl, \u00e9s ha lehets\u00e9ges, legk\u00e9s\u0151bb 72 \u00f3r\u00e1val azut\u00e1n, hogy az adatv\u00e9delmi incidens a tudom\u00e1s\u00e1ra jutott, bejelenti az illet\u00e9kes fel\u00fcgyeleti hat\u00f3s\u00e1gnak, kiv\u00e9ve, ha az adatv\u00e9delmi incidens val\u00f3sz\u00edn\u0171s\u00edthet\u0151en nem j\u00e1r kock\u00e1zattal a term\u00e9szetes szem\u00e9lyek jogaira \u00e9s szabads\u00e1gaira n\u00e9zve. Ha a bejelent\u00e9s nem t\u00f6rt\u00e9nik meg 72 \u00f3r\u00e1n bel\u00fcl, mell\u00e9kelni kell hozz\u00e1 a k\u00e9sedelem igazol\u00e1s\u00e1ra szolg\u00e1l\u00f3 indokokat is. Az adatfeldolgoz\u00f3 az adatv\u00e9delmi incidenst, az arr\u00f3l val\u00f3 tudom\u00e1sszerz\u00e9s\u00e9t k\u00f6vet\u0151en indokolatlan k\u00e9sedelem n\u00e9lk\u00fcl bejelenti az adatkezel\u0151nek.<br><br><strong>A bejelent\u00e9sben legal\u00e1bb:<\/strong><br>a) ismertetni kell az adatv\u00e9delmi incidens jelleg\u00e9t, bele\u00e9rtve \u2013 ha lehets\u00e9ges \u2013 az \u00e9rintettek kateg\u00f3ri\u00e1it \u00e9s hozz\u00e1vet\u0151leges sz\u00e1m\u00e1t, valamint az incidenssel \u00e9rintett adatok kateg\u00f3ri\u00e1it \u00e9s hozz\u00e1vet\u0151leges sz\u00e1m\u00e1t;<br>b) k\u00f6z\u00f6lni kell az adatv\u00e9delmi tisztvisel\u0151 vagy a tov\u00e1bbi t\u00e1j\u00e9koztat\u00e1st ny\u00fajt\u00f3 egy\u00e9b kapcsolattart\u00f3 nev\u00e9t \u00e9s el\u00e9rhet\u0151s\u00e9geit;<br>c) ismertetni kell az adatv\u00e9delmi incidensb\u0151l ered\u0151, val\u00f3sz\u00edn\u0171s\u00edthet\u0151 k\u00f6vetkezm\u00e9nyeket;<br>d) ismertetni kell az adatkezel\u0151 \u00e1ltal az adatv\u00e9delmi incidens orvosl\u00e1s\u00e1ra tett vagy tervezett int\u00e9zked\u00e9seket, bele\u00e9rtve adott esetben az adatv\u00e9delmi incidensb\u0151l ered\u0151 esetleges h\u00e1tr\u00e1nyos k\u00f6vetkezm\u00e9nyek enyh\u00edt\u00e9s\u00e9t c\u00e9lz\u00f3 int\u00e9zked\u00e9seket.<br>Ha \u00e9s amennyiben nem lehets\u00e9ges az inform\u00e1ci\u00f3kat egyidej\u0171leg k\u00f6z\u00f6lni, azok tov\u00e1bbi indokolatlan k\u00e9sedelem n\u00e9lk\u00fcl k\u00e9s\u0151bb r\u00e9szletekben is k\u00f6z\u00f6lhet\u0151k. Az adatkezel\u0151 nyilv\u00e1ntartja az adatv\u00e9delmi incidenseket, felt\u00fcntetve az adatv\u00e9delmi incidenshez kapcsol\u00f3d\u00f3 t\u00e9nyeket, annak hat\u00e1sait \u00e9s az orvosl\u00e1s\u00e1ra tett int\u00e9zked\u00e9seket. E nyilv\u00e1ntart\u00e1s lehet\u0151v\u00e9 teszi, hogy a fel\u00fcgyeleti hat\u00f3s\u00e1g ellen\u0151rizze az e cikk k\u00f6vetelm\u00e9nyeinek val\u00f3 megfelel\u00e9st.<br>Az \u00e9rintett t\u00e1j\u00e9koztat\u00e1s\u00e1nak k\u00f6telezetts\u00e9ge a GDPR 34. cikke szerint<br>Ha az adatv\u00e9delmi incidens val\u00f3sz\u00edn\u0171s\u00edthet\u0151en magas kock\u00e1zattal j\u00e1r a term\u00e9szetes szem\u00e9lyek jogaira \u00e9s szabads\u00e1gaira n\u00e9zve, az adatkezel\u0151 indokolatlan k\u00e9sedelem n\u00e9lk\u00fcl t\u00e1j\u00e9koztatja az \u00e9rintettet az adatv\u00e9delmi incidensr\u0151l. Az \u00e9rintett r\u00e9sz\u00e9re adott t\u00e1j\u00e9koztat\u00e1sban vil\u00e1gosan \u00e9s k\u00f6z\u00e9rthet\u0151en ismertetni kell az adatv\u00e9delmi incidens jelleg\u00e9t, \u00e9s k\u00f6z\u00f6lni kell legal\u00e1bb a GDPR 33. cikk (3) bekezd\u00e9s\u00e9nek b), c) \u00e9s d) pontj\u00e1ban eml\u00edtett inform\u00e1ci\u00f3kat \u00e9s int\u00e9zked\u00e9seket.<br><br><strong>Az \u00e9rintettet nem kell t\u00e1j\u00e9koztatni, ha a k\u00f6vetkez\u0151 felt\u00e9telek b\u00e1rmelyike teljes\u00fcl:<\/strong><br>a) az adatkezel\u0151 megfelel\u0151 technikai \u00e9s szervez\u00e9si v\u00e9delmi int\u00e9zked\u00e9seket hajtott v\u00e9gre, \u00e9s ezeket az int\u00e9zked\u00e9seket az adatv\u00e9delmi incidens \u00e1ltal \u00e9rintett adatok tekintet\u00e9ben alkalmazt\u00e1k, k\u00fcl\u00f6n\u00f6sen azokat az int\u00e9zked\u00e9seket \u2013 mint p\u00e9ld\u00e1ul a titkos\u00edt\u00e1s alkalmaz\u00e1sa \u2013, amelyek a szem\u00e9lyes adatokhoz val\u00f3 hozz\u00e1f\u00e9r\u00e9sre fel nem jogos\u00edtott szem\u00e9lyek sz\u00e1m\u00e1ra \u00e9rtelmezhetetlenn\u00e9 teszik az adatokat;<br>b) az adatkezel\u0151 az adatv\u00e9delmi incidenst k\u00f6vet\u0151en olyan tov\u00e1bbi int\u00e9zked\u00e9seket tett, amelyek biztos\u00edtj\u00e1k, hogy az \u00e9rintett jogaira \u00e9s szabads\u00e1gaira jelentett, az (1) bekezd\u00e9sben eml\u00edtett magas kock\u00e1zat a tov\u00e1bbiakban val\u00f3sz\u00edn\u0171s\u00edthet\u0151en nem val\u00f3sul meg;<br>c) a t\u00e1j\u00e9koztat\u00e1s ar\u00e1nytalan er\u0151fesz\u00edt\u00e9st tenne sz\u00fcks\u00e9gess\u00e9. Ilyen esetekben az \u00e9rintetteket nyilv\u00e1nosan k\u00f6zz\u00e9tett inform\u00e1ci\u00f3k \u00fatj\u00e1n kell t\u00e1j\u00e9koztatni, vagy olyan hasonl\u00f3 int\u00e9zked\u00e9st kell hozni, amely biztos\u00edtja az \u00e9rintettek hasonl\u00f3an hat\u00e9kony t\u00e1j\u00e9koztat\u00e1s\u00e1t.<br>Ha az adatkezel\u0151 m\u00e9g nem \u00e9rtes\u00edtette az \u00e9rintettet az adatv\u00e9delmi incidensr\u0151l, a fel\u00fcgyeleti hat\u00f3s\u00e1g, miut\u00e1n m\u00e9rlegelte, hogy az adatv\u00e9delmi incidens val\u00f3sz\u00edn\u0171s\u00edthet\u0151en magas kock\u00e1zattal j\u00e1r-e, elrendelheti az \u00e9rintett t\u00e1j\u00e9koztat\u00e1s\u00e1t, vagy meg\u00e1llap\u00edthatja a fent eml\u00edtett felt\u00e9telek valamelyik\u00e9nek teljes\u00fcl\u00e9s\u00e9t.<br><br><strong>Az \u00e9rintettet megillet\u0151 jogok a GDPR szerint:<\/strong><br>Az adatkezel\u00e9ssel \u00f6sszef\u00fcgg\u00e9sben az Adatkezel\u0151n kereszt\u00fcl:<br>\u2013 t\u00e1j\u00e9koztat\u00e1st k\u00e9rhet az adatkezel\u00e9sr\u0151l \u00e9s hozz\u00e1f\u00e9r\u00e9st k\u00e9rhet a r\u00e1 vonatkoz\u00f3an kezelt adatokhoz,<br>\u2013 pontatlan adatok eset\u00e9n helyesb\u00edt\u00e9st vagy a hi\u00e1nyos adatok kieg\u00e9sz\u00edt\u00e9s\u00e9t k\u00e9rheti,<br>\u2013 a hozz\u00e1j\u00e1rul\u00e1sa alapj\u00e1n kezelt adatok t\u00f6rl\u00e9s\u00e9t k\u00e9rheti,<br>\u2013 tiltakozhat a szem\u00e9lyes adatok kezel\u00e9se ellen,<br>\u2013 \u00e9lhet az adathordozhat\u00f3s\u00e1g jog\u00e1val<br>\u2013 az adatkezel\u00e9s korl\u00e1toz\u00e1s\u00e1t k\u00e9rheti.<br>Az \u00e9rintett t\u00e1j\u00e9koztat\u00e1s k\u00e9r\u00e9se alapj\u00e1n \u2013 amennyiben az nem esik t\u00f6rv\u00e9nyben meghat\u00e1rozott \u00e9rdekb\u0151l korl\u00e1toz\u00e1s al\u00e1 \u2013 megismerheti, hogy szem\u00e9lyes adatainak kezel\u00e9se folyamatban van-e az adatkezel\u0151n\u00e9l \u00e9s jogosult arra, hogy a r\u00e1 vonatkoz\u00f3an kezelt adatok kapcs\u00e1n t\u00e1j\u00e9koztat\u00e1st kapjon arr\u00f3l, hogy<br>\u2013 milyen c\u00e9lb\u00f3l kezeli,<br>\u2013 mi jogos\u00edtja fel az adatok kezel\u00e9s\u00e9re (jogalapj\u00e1r\u00f3l),<br>\u2013 mikort\u00f3l \u00e9s meddig kezeli az adatokat (id\u0151tartam\u00e1r\u00f3l),<br>\u2013 milyen adatokat kezel, \u00e9s azok m\u00e1solat\u00e1t az \u00e9rintett rendelkez\u00e9s\u00e9re bocs\u00e1tja,<br>\u2013 a szem\u00e9lyes adatok c\u00edmzettjeir\u0151l, illetve a c\u00edmzettek kateg\u00f3ri\u00e1ir\u00f3l,<br>\u2013 harmadik orsz\u00e1gba vagy nemzetk\u00f6zi szervezet r\u00e9sz\u00e9re t\u00f6rt\u00e9n\u0151 tov\u00e1bb\u00edt\u00e1sr\u00f3l,<br>\u2013 az adatkezel\u00e9ssel kapcsolatos \u00e9rintetti jogair\u00f3l,<br>\u2013 jogorvoslati lehet\u0151s\u00e9geir\u0151l.<br><br>A t\u00e1j\u00e9koztat\u00e1s ir\u00e1nti \u00e9s hozz\u00e1f\u00e9r\u00e9sre ir\u00e1nyul\u00f3 k\u00e9relmekre a munk\u00e1ltat\u00f3, mint adatkezel\u0151 legk\u00e9s\u0151bb 30 napon bel\u00fcl v\u00e1laszol. Az \u00e9rintett \u00e1ltal a r\u00f3la kezelt szem\u00e9lyes adatokr\u00f3l k\u00e9rt tov\u00e1bbi m\u00e1solatok\u00e9rt az adatkezel\u0151 az adminisztrat\u00edv k\u00f6lts\u00e9geken alapul\u00f3, \u00e9szszer\u0171 m\u00e9rt\u00e9k\u0171 d\u00edjat sz\u00e1m\u00edthat fel. Egyes esetekben az adatkezel\u0151 a t\u00f6rv\u00e9nyi felhatalmaz\u00e1s alapj\u00e1n \u2013 p\u00e9ld\u00e1ul b\u0171ncselekm\u00e9nyek megel\u0151z\u00e9se vagy \u00fcld\u00f6z\u00e9se \u00e9rdek\u00e9ben \u2013 a t\u00e1j\u00e9koztat\u00e1st megtagadhatja, ekkor a v\u00e1laszban szerepel a t\u00e1j\u00e9koztat\u00e1s megtagad\u00e1s\u00e1t megalapoz\u00f3 t\u00f6rv\u00e9nyi rendelkez\u00e9s \u00e9s jogorvoslati lehet\u0151s\u00e9g\u00e9r\u0151l sz\u00f3l\u00f3 t\u00e1j\u00e9koztat\u00e1s. Az adat helyesb\u00edt\u00e9s\u00e9nek (m\u00f3dos\u00edt\u00e1s\u00e1nak) k\u00e9r\u00e9se eset\u00e9n a m\u00f3dos\u00edtani k\u00e9rt adat val\u00f3s\u00e1g\u00e1t az \u00e9rintettnek al\u00e1 kell t\u00e1masztania, \u00e9s igazolnia kell azt is, hogy val\u00f3ban az arra jogosult szem\u00e9ly k\u00e9ri az adat m\u00f3dos\u00edt\u00e1s\u00e1t. Amennyiben nem egy\u00e9rtelm\u0171, hogy a kezelt adat helyes vagy pontos, akkor az adatkezel\u0151 az adatot nem helyesb\u00edti, csak megjel\u00f6li, azaz jelzi, hogy azt az \u00e9rintett kifog\u00e1solta, de nem biztos, hogy helytelen. Az adatkezel\u0151 a k\u00e9r\u00e9s hiteless\u00e9g\u00e9nek meger\u0151s\u00edt\u00e9s\u00e9t k\u00f6vet\u0151en, indokolatlan k\u00e9sedelem n\u00e9lk\u00fcl helyesb\u00edti a pontatlan szem\u00e9lyes adatokat, illetve kieg\u00e9sz\u00edti a k\u00e9relemmel \u00e9rintett adatokat. A helyesb\u00edt\u00e9sr\u0151l vagy megjel\u00f6l\u00e9sr\u0151l az adatkezel\u0151 az \u00e9rintettet \u00e9rtes\u00edti<br><br><strong>Adatkezel\u00e9s korl\u00e1toz\u00e1s\u00e1ra ir\u00e1nyul\u00f3 k\u00e9relm\u00e9nek az adatkezel\u0151 akkor tesz eleget, ha az al\u00e1bbiak valamelyike teljes\u00fcl:<\/strong><br>\u2013 az \u00e9rintett vitatja a szem\u00e9lyes adatok pontoss\u00e1g\u00e1t, ez esetben a korl\u00e1toz\u00e1s arra az id\u0151tartamra vonatkozik, amely lehet\u0151v\u00e9 teszi, hogy az adatkezel\u0151 ellen\u0151rizze a szem\u00e9lyes adatok pontoss\u00e1g\u00e1t,<br>\u2013 az adatkezel\u00e9s jogellenes, \u00e9s az \u00e9rintett ellenzi az adatok t\u00f6rl\u00e9s\u00e9t, ehelyett k\u00e9ri azok felhaszn\u00e1l\u00e1s\u00e1nak korl\u00e1toz\u00e1s\u00e1t,<br>\u2013 az adatkezel\u0151nek m\u00e1r nincs sz\u00fcks\u00e9ge a szem\u00e9lyes adatokra adatkezel\u00e9s c\u00e9lj\u00e1b\u00f3l, de az \u00e9rintett ig\u00e9nyli azokat jogi ig\u00e9nyek el\u0151terjeszt\u00e9s\u00e9hez, \u00e9rv\u00e9nyes\u00edt\u00e9s\u00e9hez vagy v\u00e9delm\u00e9hez; vagy is a r\u00e1 vonatkoz\u00f3 adatkezel\u00e9s ellen.<br>Ha az adat korl\u00e1toz\u00e1s al\u00e1 esik, akkor a szem\u00e9lyes adatokat a t\u00e1rol\u00e1s kiv\u00e9tel\u00e9vel csak:<br>\u2013 az \u00e9rintett hozz\u00e1j\u00e1rul\u00e1s\u00e1val,<br>\u2013 jogi ig\u00e9nyek el\u0151terjeszt\u00e9s\u00e9hez, \u00e9rv\u00e9nyes\u00edt\u00e9s\u00e9hez vagy v\u00e9delm\u00e9hez,<br>\u2013 m\u00e1s term\u00e9szetes vagy jogi szem\u00e9ly jogainak v\u00e9delme \u00e9rdek\u00e9ben, vagy<br>\u2013 az Eur\u00f3pai Uni\u00f3, illetve valamely tag\u00e1llam fontos k\u00f6z\u00e9rdek\u00e9b\u0151l lehet kezelni.<br>Az adatkezel\u0151 az adatkezel\u00e9s korl\u00e1toz\u00e1s\u00e1nak felold\u00e1s\u00e1r\u00f3l el\u0151zetesen t\u00e1j\u00e9koztatja az \u00e9rintettet.<\/p>\n\n\n<style>.wp-block-kadence-advancedheading.kt-adv-heading10_17359a-8f, .wp-block-kadence-advancedheading.kt-adv-heading10_17359a-8f[data-kb-block=\"kb-adv-heading10_17359a-8f\"]{margin-top:60px;margin-bottom:10px;font-style:normal;}.wp-block-kadence-advancedheading.kt-adv-heading10_17359a-8f mark.kt-highlight, .wp-block-kadence-advancedheading.kt-adv-heading10_17359a-8f[data-kb-block=\"kb-adv-heading10_17359a-8f\"] mark.kt-highlight{font-style:normal;color:#f76a0c;-webkit-box-decoration-break:clone;box-decoration-break:clone;padding-top:0px;padding-right:0px;padding-bottom:0px;padding-left:0px;}.wp-block-kadence-advancedheading.kt-adv-heading10_17359a-8f img.kb-inline-image, .wp-block-kadence-advancedheading.kt-adv-heading10_17359a-8f[data-kb-block=\"kb-adv-heading10_17359a-8f\"] img.kb-inline-image{width:150px;vertical-align:baseline;}<\/style>\n<h3 class=\"kt-adv-heading10_17359a-8f wp-block-kadence-advancedheading\" data-kb-block=\"kb-adv-heading10_17359a-8f\">Jogorvoslati lehet\u0151s\u00e9g<\/h3>\n\n\n<style>.wp-block-kadence-advancedheading.kt-adv-heading10_722cd4-4d, .wp-block-kadence-advancedheading.kt-adv-heading10_722cd4-4d[data-kb-block=\"kb-adv-heading10_722cd4-4d\"]{margin-top:0px;margin-bottom:0px;font-style:normal;}.wp-block-kadence-advancedheading.kt-adv-heading10_722cd4-4d mark.kt-highlight, .wp-block-kadence-advancedheading.kt-adv-heading10_722cd4-4d[data-kb-block=\"kb-adv-heading10_722cd4-4d\"] mark.kt-highlight{font-style:normal;color:#f76a0c;-webkit-box-decoration-break:clone;box-decoration-break:clone;padding-top:0px;padding-right:0px;padding-bottom:0px;padding-left:0px;}.wp-block-kadence-advancedheading.kt-adv-heading10_722cd4-4d img.kb-inline-image, .wp-block-kadence-advancedheading.kt-adv-heading10_722cd4-4d[data-kb-block=\"kb-adv-heading10_722cd4-4d\"] img.kb-inline-image{width:150px;vertical-align:baseline;}<\/style>\n<p class=\"kt-adv-heading10_722cd4-4d wp-block-kadence-advancedheading\" data-kb-block=\"kb-adv-heading10_722cd4-4d\">Amennyiben az \u00e9rintett \u00fagy \u00edt\u00e9li meg, hogy az adatkezel\u00e9s a GDPR rendelkez\u00e9seibe \u00fctk\u00f6zik, illetve s\u00e9relmesnek v\u00e9li azt, ahogy az adatkezel\u0151 a szem\u00e9lyes adatait kezeli, akkor c\u00e9lszer\u0171 az adatv\u00e9delmi tisztvisel\u0151t, amennyiben az adatkezel\u0151 nem alkalmaz adatv\u00e9delmi tisztvisel\u0151t, abban az esetben a t\u00e1rsas\u00e1g k\u00e9pvisel\u0151j\u00e9t keresni a panasz\u00e1val. A panasz minden esetben kivizsg\u00e1l\u00e1sra ker\u00fcl. Ha a panasz\u00e1ra kapott v\u00e1lasz ellen\u00e9re tov\u00e1bbra is s\u00e9relmezi azt, ahogyan a rend\u0151rs\u00e9gi adatkezel\u0151 szerv kezeli az adatait, vagy k\u00f6zvetlen\u00fcl az adatv\u00e9delmi hat\u00f3s\u00e1ghoz k\u00edv\u00e1n fordulni, akkor bejelent\u00e9ssel \u00e9lhet a Nemzeti Adatv\u00e9delmi \u00e9s Inform\u00e1ci\u00f3szabads\u00e1g Hat\u00f3s\u00e1gn\u00e1l (1055 Budapest, Falk Miksa u. 9-11., 1363 Budapest. Pf. 9.) Lehet\u0151s\u00e9ge van adatainak v\u00e9delme \u00e9rdek\u00e9ben b\u00edr\u00f3s\u00e1ghoz fordulni, amely az \u00fcgyben soron k\u00edv\u00fcl j\u00e1r el. Ebben az esetben eld\u00f6ntheti, hogy a lak\u00f3helye (\u00e1lland\u00f3 lakc\u00edm) vagy a tart\u00f3zkod\u00e1si helye (ideiglenes lakc\u00edm) szerinti t\u00f6rv\u00e9nysz\u00e9kn\u00e9l (https:\/\/birosag.hu\/torvenyszekek) ny\u00fajtja-e be kereset\u00e9t. A lak\u00f3helye vagy tart\u00f3zkod\u00e1si helye szerinti t\u00f6rv\u00e9nysz\u00e9ket megkeresheti a https:\/\/birosag.hu\/birosag-kereso oldalon. Amennyiben az Adatkezel\u0151 Facebook vagy Instagram oldal\u00e1val kapcsolatban tapasztalja, hogy megs\u00e9rtett\u00e9k az adatkezel\u00e9sre vonatkoz\u00f3 t\u00f6rv\u00e9nyi rendelkez\u00e9seket, vagy nem teljes\u00edtett\u00e9k valamely k\u00e9relm\u00e9t, szem\u00e9lyes adatait a Meta Platforms Ireland Ltd., (4 Grand Canal Square, Grand Canal Harbour, Dublin 2, Ireland) kezeli. Emiatt az \u00fcgyben elj\u00e1rni az \u00edr adatv\u00e9delmi hat\u00f3s\u00e1g jogosult, \u00edgy panasz\u00e1val az \u00edr Data Protection Commission \u2013hoz (21 Fitzwilliam Square, South Dublin 2, D02 RD28, Ireland) forduljon.<\/p>\n\n\n<style>.wp-block-kadence-advancedheading.kt-adv-heading10_010734-f0, .wp-block-kadence-advancedheading.kt-adv-heading10_010734-f0[data-kb-block=\"kb-adv-heading10_010734-f0\"]{margin-top:30px;margin-bottom:0px;font-style:normal;}.wp-block-kadence-advancedheading.kt-adv-heading10_010734-f0 mark.kt-highlight, .wp-block-kadence-advancedheading.kt-adv-heading10_010734-f0[data-kb-block=\"kb-adv-heading10_010734-f0\"] mark.kt-highlight{font-style:normal;color:#f76a0c;-webkit-box-decoration-break:clone;box-decoration-break:clone;padding-top:0px;padding-right:0px;padding-bottom:0px;padding-left:0px;}.wp-block-kadence-advancedheading.kt-adv-heading10_010734-f0 img.kb-inline-image, .wp-block-kadence-advancedheading.kt-adv-heading10_010734-f0[data-kb-block=\"kb-adv-heading10_010734-f0\"] img.kb-inline-image{width:150px;vertical-align:baseline;}<\/style>\n<p class=\"kt-adv-heading10_010734-f0 wp-block-kadence-advancedheading\" data-kb-block=\"kb-adv-heading10_010734-f0\"><a href=\"https:\/\/drive.google.com\/file\/d\/1P7v3PRWFXAiSZFQv5o9oW7V0lpkxqGWg\/view?usp=drive_link\">Adatkezel\u00e9si t\u00e1j\u00e9koztat\u00f3 let\u00f6lt\u00e9se .pdf form\u00e1tumban<\/a><\/p>\n<\/div><\/div>\n\n<\/div><\/div>","protected":false},"excerpt":{"rendered":"<p>Adatkezel\u00e9si t\u00e1j\u00e9koztat\u00f3 www.niin.huHat\u00e1lyos: 2021. 01. 25. napj\u00e1t\u00f3l visszavon\u00e1sig. A Niin Design (sz\u00e9khely: 2040 Buda\u00f6rs, Szabads\u00e1g \u00fat 137. ad\u00f3sz\u00e1m: 59717083-1-33) a jelen adatkezel\u00e9si t\u00e1j\u00e9koztat\u00f3 keretei k\u00f6zt tesz eleget az adatkezel\u00e9ssel kapcsolatos k\u00f6telezetts\u00e9g\u00e9nek. Bevezet\u0151 rendelkez\u00e9sek, a t\u00e1j\u00e9koztat\u00f3 c\u00e9lja Az Adatkezel\u0151 a jelen Adatkezel\u00e9si T\u00e1j\u00e9koztat\u00f3ban r\u00f6gz\u00edti az Eur\u00f3pai Parlament \u00e9s a Tan\u00e1cs (EU) 2016\/679 rendelete (2016. \u00e1prilis 27.)&#8230;<\/p>","protected":false},"author":1,"featured_media":0,"parent":0,"menu_order":0,"comment_status":"closed","ping_status":"closed","template":"","meta":{"_seopress_robots_primary_cat":"","_seopress_titles_title":"","_seopress_titles_desc":"","_seopress_robots_index":"","_kad_blocks_custom_css":"","_kad_blocks_head_custom_js":"","_kad_blocks_body_custom_js":"","_kad_blocks_footer_custom_js":"","_kad_post_transparent":"","_kad_post_title":"","_kad_post_layout":"","_kad_post_sidebar_id":"","_kad_post_content_style":"","_kad_post_vertical_padding":"","_kad_post_feature":"","_kad_post_feature_position":"","_kad_post_header":false,"_kad_post_footer":false,"_kad_post_classname":"","footnotes":""},"class_list":["post-10","page","type-page","status-publish","hentry"],"taxonomy_info":[],"featured_image_src_large":false,"author_info":{"display_name":"NiiN","author_link":"https:\/\/niin.hu\/en\/author\/n11n4dm1n\/"},"comment_info":0,"_links":{"self":[{"href":"https:\/\/niin.hu\/en\/wp-json\/wp\/v2\/pages\/10","targetHints":{"allow":["GET"]}}],"collection":[{"href":"https:\/\/niin.hu\/en\/wp-json\/wp\/v2\/pages"}],"about":[{"href":"https:\/\/niin.hu\/en\/wp-json\/wp\/v2\/types\/page"}],"author":[{"embeddable":true,"href":"https:\/\/niin.hu\/en\/wp-json\/wp\/v2\/users\/1"}],"replies":[{"embeddable":true,"href":"https:\/\/niin.hu\/en\/wp-json\/wp\/v2\/comments?post=10"}],"version-history":[{"count":13,"href":"https:\/\/niin.hu\/en\/wp-json\/wp\/v2\/pages\/10\/revisions"}],"predecessor-version":[{"id":955,"href":"https:\/\/niin.hu\/en\/wp-json\/wp\/v2\/pages\/10\/revisions\/955"}],"wp:attachment":[{"href":"https:\/\/niin.hu\/en\/wp-json\/wp\/v2\/media?parent=10"}],"curies":[{"name":"wp","href":"https:\/\/api.w.org\/{rel}","templated":true}]}}